{"id":29,"date":"2022-04-08T16:11:58","date_gmt":"2022-04-08T14:11:58","guid":{"rendered":"https:\/\/wp-test.sevengroup.fr\/?page_id=29"},"modified":"2024-12-17T11:14:06","modified_gmt":"2024-12-17T10:14:06","slug":"actualites","status":"publish","type":"page","link":"https:\/\/www.agema.fr\/de\/actualites\/","title":{"rendered":"Aktuelles"},"content":{"rendered":"\t\t<div data-elementor-type=\"wp-page\" data-elementor-id=\"29\" class=\"elementor elementor-29\" data-elementor-post-type=\"page\">\n\t\t\t\t\t\t<section class=\"elementor-section elementor-top-section elementor-element elementor-element-586161b elementor-section-boxed elementor-section-height-default elementor-section-height-default\" data-id=\"586161b\" data-element_type=\"section\" data-e-type=\"section\" data-settings=\"{&quot;background_background&quot;:&quot;classic&quot;}\">\n\t\t\t\t\t\t\t<div class=\"elementor-background-overlay\"><\/div>\n\t\t\t\t\t\t\t<div class=\"elementor-container elementor-column-gap-default\">\n\t\t\t\t\t<div class=\"elementor-column elementor-col-100 elementor-top-column elementor-element elementor-element-a957546\" data-id=\"a957546\" data-element_type=\"column\" data-e-type=\"column\" data-settings=\"{&quot;motion_fx_motion_fx_scrolling&quot;:&quot;yes&quot;,&quot;motion_fx_devices&quot;:[&quot;desktop&quot;,&quot;tablet&quot;,&quot;mobile&quot;]}\">\n\t\t\t<div class=\"elementor-widget-wrap elementor-element-populated\">\n\t\t\t\t\t\t<div class=\"elementor-element elementor-element-7306f3c elementor-widget__width-initial elementor-widget elementor-widget-image\" data-id=\"7306f3c\" data-element_type=\"widget\" data-e-type=\"widget\" data-widget_type=\"image.default\">\n\t\t\t\t<div class=\"elementor-widget-container\">\n\t\t\t\t\t\t\t\t\t\t\t\t\t\t\t<img decoding=\"async\" src=\"https:\/\/www.agema.fr\/wp-content\/uploads\/2022\/04\/favicon-agema.jpg\" title=\"favicon-agema\" alt=\"favicon-agema\" loading=\"lazy\" \/>\t\t\t\t\t\t\t\t\t\t\t\t\t\t\t<\/div>\n\t\t\t\t<\/div>\n\t\t\t\t<div class=\"elementor-element elementor-element-7a56b8a elementor-widget__width-auto animated-slow elementor-invisible elementor-widget elementor-widget-heading\" data-id=\"7a56b8a\" data-element_type=\"widget\" data-e-type=\"widget\" data-settings=\"{&quot;_animation&quot;:&quot;fadeInUp&quot;}\" data-widget_type=\"heading.default\">\n\t\t\t\t<div class=\"elementor-widget-container\">\n\t\t\t\t\t<h1 class=\"elementor-heading-title elementor-size-default\">Actualit\u00e9s<\/h1>\t\t\t\t<\/div>\n\t\t\t\t<\/div>\n\t\t\t\t\t<\/div>\n\t\t<\/div>\n\t\t\t\t\t<\/div>\n\t\t<\/section>\n\t\t\t\t<section class=\"elementor-section elementor-top-section elementor-element elementor-element-c71886d elementor-section-boxed elementor-section-height-default elementor-section-height-default\" data-id=\"c71886d\" data-element_type=\"section\" data-e-type=\"section\">\n\t\t\t\t\t\t<div class=\"elementor-container elementor-column-gap-default\">\n\t\t\t\t\t<div class=\"elementor-column elementor-col-100 elementor-top-column elementor-element elementor-element-50d2a26\" data-id=\"50d2a26\" data-element_type=\"column\" data-e-type=\"column\">\n\t\t\t<div class=\"elementor-widget-wrap elementor-element-populated\">\n\t\t\t\t\t\t<div class=\"elementor-element elementor-element-3b3d7f3 elementor-grid-2 elementor-grid-tablet-2 elementor-grid-mobile-1 elementor-posts--thumbnail-top elementor-posts--show-avatar elementor-card-shadow-yes elementor-posts__hover-gradient elementor-widget elementor-widget-posts\" data-id=\"3b3d7f3\" data-element_type=\"widget\" data-e-type=\"widget\" data-settings=\"{&quot;cards_columns&quot;:&quot;2&quot;,&quot;cards_columns_tablet&quot;:&quot;2&quot;,&quot;cards_columns_mobile&quot;:&quot;1&quot;,&quot;cards_row_gap&quot;:{&quot;unit&quot;:&quot;px&quot;,&quot;size&quot;:35,&quot;sizes&quot;:[]},&quot;cards_row_gap_tablet&quot;:{&quot;unit&quot;:&quot;px&quot;,&quot;size&quot;:&quot;&quot;,&quot;sizes&quot;:[]},&quot;cards_row_gap_mobile&quot;:{&quot;unit&quot;:&quot;px&quot;,&quot;size&quot;:&quot;&quot;,&quot;sizes&quot;:[]}}\" data-widget_type=\"posts.cards\">\n\t\t\t\t<div class=\"elementor-widget-container\">\n\t\t\t\t\t\t\t<div class=\"elementor-posts-container elementor-posts elementor-posts--skin-cards elementor-grid\" role=\"list\">\n\t\t\t\t<article class=\"elementor-post elementor-grid-item post-7562 post type-post status-publish format-standard has-post-thumbnail hentry category-actualite\" role=\"listitem\">\n\t\t\t<div class=\"elementor-post__card\">\n\t\t\t\t<a class=\"elementor-post__thumbnail__link\" href=\"https:\/\/www.agema.fr\/de\/agema-realise-le-doppio-malto-du-centre-commercial-nice-cap-3000\/\" tabindex=\"-1\" ><div class=\"elementor-post__thumbnail\"><img fetchpriority=\"high\" decoding=\"async\" width=\"800\" height=\"534\" src=\"https:\/\/www.agema.fr\/wp-content\/uploads\/2025\/07\/BBB07744-1024x683.jpg\" class=\"attachment-large size-large wp-image-7563\" alt=\"\" srcset=\"https:\/\/www.agema.fr\/wp-content\/uploads\/2025\/07\/BBB07744-1024x683.jpg 1024w, https:\/\/www.agema.fr\/wp-content\/uploads\/2025\/07\/BBB07744-300x200.jpg 300w, https:\/\/www.agema.fr\/wp-content\/uploads\/2025\/07\/BBB07744-768x512.jpg 768w, https:\/\/www.agema.fr\/wp-content\/uploads\/2025\/07\/BBB07744-1536x1024.jpg 1536w, https:\/\/www.agema.fr\/wp-content\/uploads\/2025\/07\/BBB07744-2048x1365.jpg 2048w, https:\/\/www.agema.fr\/wp-content\/uploads\/2025\/07\/BBB07744-18x12.jpg 18w\" sizes=\"(max-width: 800px) 100vw, 800px\" \/><\/div><\/a>\n\t\t\t\t<div class=\"elementor-post__avatar\">\n\t\t\t\t\t<\/div>\n\t\t\t\t<div class=\"elementor-post__text\">\n\t\t\t\t<h3 class=\"elementor-post__title\">\n\t\t\t<a href=\"https:\/\/www.agema.fr\/de\/agema-realise-le-doppio-malto-du-centre-commercial-nice-cap-3000\/\" >\n\t\t\t\tAGEMA r\u00e9alise le Doppio Malto du centre commercial Nice Cap 3000 !\t\t\t<\/a>\n\t\t<\/h3>\n\t\t\t\t<div class=\"elementor-post__excerpt\">\n\t\t\t<p>AGEMA est fier d\u2019avoir accompagn\u00e9 Doppio Malto dans la transformation compl\u00e8te de son nouveau restaurant, situ\u00e9 au sein du centre commercial\u00a0Cap 3000 \u00e0 Nice (06).<\/p>\n\t\t<\/div>\n\t\t\n\t\t<a class=\"elementor-post__read-more\" href=\"https:\/\/www.agema.fr\/de\/agema-realise-le-doppio-malto-du-centre-commercial-nice-cap-3000\/\" aria-label=\"Mehr \u00fcber AGEMA r\u00e9alise le Doppio Malto du centre commercial Nice Cap 3000 !\" tabindex=\"-1\" >\n\t\t\tLire la suite \u00bb\t\t<\/a>\n\n\t\t\t\t<\/div>\n\t\t\t\t<div class=\"elementor-post__meta-data\">\n\t\t\t\t\t<span class=\"elementor-post-date\">\n\t\t\t28 Juli 2025\t\t<\/span>\n\t\t\t\t<span class=\"elementor-post-avatar\">\n\t\t\tKeine Kommentare\t\t<\/span>\n\t\t\t\t<\/div>\n\t\t\t\t\t<\/div>\n\t\t<\/article>\n\t\t\t\t<article class=\"elementor-post elementor-grid-item post-7357 post type-post status-publish format-standard has-post-thumbnail hentry category-actualite\" role=\"listitem\">\n\t\t\t<div class=\"elementor-post__card\">\n\t\t\t\t<a class=\"elementor-post__thumbnail__link\" href=\"https:\/\/www.agema.fr\/de\/une-nouvelle-boutique-swarovski-signee-agema\/\" tabindex=\"-1\" ><div class=\"elementor-post__thumbnail\"><img decoding=\"async\" width=\"800\" height=\"450\" src=\"https:\/\/www.agema.fr\/wp-content\/uploads\/2024\/12\/Boutique-Swarovski-1-1024x576.jpg\" class=\"attachment-large size-large wp-image-7359\" alt=\"boutique Swarovski A\u00e9roport de Lisbonne\" srcset=\"https:\/\/www.agema.fr\/wp-content\/uploads\/2024\/12\/Boutique-Swarovski-1-1024x576.jpg 1024w, https:\/\/www.agema.fr\/wp-content\/uploads\/2024\/12\/Boutique-Swarovski-1-300x169.jpg 300w, https:\/\/www.agema.fr\/wp-content\/uploads\/2024\/12\/Boutique-Swarovski-1-768x432.jpg 768w, https:\/\/www.agema.fr\/wp-content\/uploads\/2024\/12\/Boutique-Swarovski-1-1536x864.jpg 1536w, https:\/\/www.agema.fr\/wp-content\/uploads\/2024\/12\/Boutique-Swarovski-1-18x10.jpg 18w, https:\/\/www.agema.fr\/wp-content\/uploads\/2024\/12\/Boutique-Swarovski-1.jpg 1920w\" sizes=\"(max-width: 800px) 100vw, 800px\" \/><\/div><\/a>\n\t\t\t\t<div class=\"elementor-post__avatar\">\n\t\t\t\t\t<\/div>\n\t\t\t\t<div class=\"elementor-post__text\">\n\t\t\t\t<h3 class=\"elementor-post__title\">\n\t\t\t<a href=\"https:\/\/www.agema.fr\/de\/une-nouvelle-boutique-swarovski-signee-agema\/\" >\n\t\t\t\tUne nouvelle boutique Swarovski r\u00e9alis\u00e9e par AGEMA \u00e0 Lisbonne\t\t\t<\/a>\n\t\t<\/h3>\n\t\t\t\t<div class=\"elementor-post__excerpt\">\n\t\t\t<p>Swarovski et AGEMA : une collaboration prestigieuse AGEMA est fier d\u2019avoir r\u00e9alis\u00e9 la boutique Swarovski \u00e0 l\u2019a\u00e9roport de Lisbonne, un projet qui refl\u00e8te les valeurs<\/p>\n\t\t<\/div>\n\t\t\n\t\t<a class=\"elementor-post__read-more\" href=\"https:\/\/www.agema.fr\/de\/une-nouvelle-boutique-swarovski-signee-agema\/\" aria-label=\"Mehr \u00fcber Une nouvelle boutique Swarovski r\u00e9alis\u00e9e par AGEMA \u00e0 Lisbonne\" tabindex=\"-1\" >\n\t\t\tLire la suite \u00bb\t\t<\/a>\n\n\t\t\t\t<\/div>\n\t\t\t\t<div class=\"elementor-post__meta-data\">\n\t\t\t\t\t<span class=\"elementor-post-date\">\n\t\t\t31 Dezember 2024\t\t<\/span>\n\t\t\t\t<span class=\"elementor-post-avatar\">\n\t\t\tKeine Kommentare\t\t<\/span>\n\t\t\t\t<\/div>\n\t\t\t\t\t<\/div>\n\t\t<\/article>\n\t\t\t\t<article class=\"elementor-post elementor-grid-item post-7172 post type-post status-publish format-standard has-post-thumbnail hentry category-actualite\" role=\"listitem\">\n\t\t\t<div class=\"elementor-post__card\">\n\t\t\t\t<a class=\"elementor-post__thumbnail__link\" href=\"https:\/\/www.agema.fr\/de\/agema-construction-contractant-general-pour-lhotel-chamois-dor\/\" tabindex=\"-1\" ><div class=\"elementor-post__thumbnail\"><img decoding=\"async\" width=\"700\" height=\"500\" src=\"https:\/\/www.agema.fr\/wp-content\/uploads\/2024\/12\/image-article.png\" class=\"attachment-large size-large wp-image-7223\" alt=\"\" srcset=\"https:\/\/www.agema.fr\/wp-content\/uploads\/2024\/12\/image-article.png 700w, https:\/\/www.agema.fr\/wp-content\/uploads\/2024\/12\/image-article-300x214.png 300w, https:\/\/www.agema.fr\/wp-content\/uploads\/2024\/12\/image-article-18x12.png 18w\" sizes=\"(max-width: 700px) 100vw, 700px\" \/><\/div><\/a>\n\t\t\t\t<div class=\"elementor-post__avatar\">\n\t\t\t\t\t<\/div>\n\t\t\t\t<div class=\"elementor-post__text\">\n\t\t\t\t<h3 class=\"elementor-post__title\">\n\t\t\t<a href=\"https:\/\/www.agema.fr\/de\/agema-construction-contractant-general-pour-lhotel-chamois-dor\/\" >\n\t\t\t\tAgema Construction, transforme l\u2019H\u00f4tel Le Chamois d\u2019Or (M\u00e9ribel)\t\t\t<\/a>\n\t\t<\/h3>\n\t\t\t\t<div class=\"elementor-post__excerpt\">\n\t\t\t<p>Agema Construction contractant g\u00e9n\u00e9ral du projet Les \u00e9quipes d\u2019Agema Construction, en tant que contractant g\u00e9n\u00e9ral, interviennent depuis le mois d\u2019ao\u00fbt 2024 pour transformer le Chamois<\/p>\n\t\t<\/div>\n\t\t\n\t\t<a class=\"elementor-post__read-more\" href=\"https:\/\/www.agema.fr\/de\/agema-construction-contractant-general-pour-lhotel-chamois-dor\/\" aria-label=\"Mehr \u00fcber Agema Construction, transforme l\u2019H\u00f4tel Le Chamois d\u2019Or (M\u00e9ribel)\" tabindex=\"-1\" >\n\t\t\tLire la suite \u00bb\t\t<\/a>\n\n\t\t\t\t<\/div>\n\t\t\t\t<div class=\"elementor-post__meta-data\">\n\t\t\t\t\t<span class=\"elementor-post-date\">\n\t\t\t16 Dezember 2024\t\t<\/span>\n\t\t\t\t<span class=\"elementor-post-avatar\">\n\t\t\tKeine Kommentare\t\t<\/span>\n\t\t\t\t<\/div>\n\t\t\t\t\t<\/div>\n\t\t<\/article>\n\t\t\t\t<article class=\"elementor-post elementor-grid-item post-6997 post type-post status-publish format-standard has-post-thumbnail hentry category-actualite\" role=\"listitem\">\n\t\t\t<div class=\"elementor-post__card\">\n\t\t\t\t<a class=\"elementor-post__thumbnail__link\" href=\"https:\/\/www.agema.fr\/de\/kave-home-et-agema-agencement-une-collaboration-prometteuse\/\" tabindex=\"-1\" ><div class=\"elementor-post__thumbnail\"><img loading=\"lazy\" decoding=\"async\" width=\"700\" height=\"500\" src=\"https:\/\/www.agema.fr\/wp-content\/uploads\/2024\/11\/Kave-Home-Devanture-Grenoble.png\" class=\"attachment-large size-large wp-image-7030\" alt=\"Kave Home Grenoble devanture\" srcset=\"https:\/\/www.agema.fr\/wp-content\/uploads\/2024\/11\/Kave-Home-Devanture-Grenoble.png 700w, https:\/\/www.agema.fr\/wp-content\/uploads\/2024\/11\/Kave-Home-Devanture-Grenoble-300x214.png 300w, https:\/\/www.agema.fr\/wp-content\/uploads\/2024\/11\/Kave-Home-Devanture-Grenoble-18x12.png 18w\" sizes=\"(max-width: 700px) 100vw, 700px\" \/><\/div><\/a>\n\t\t\t\t<div class=\"elementor-post__avatar\">\n\t\t\t\t\t<\/div>\n\t\t\t\t<div class=\"elementor-post__text\">\n\t\t\t\t<h3 class=\"elementor-post__title\">\n\t\t\t<a href=\"https:\/\/www.agema.fr\/de\/kave-home-et-agema-agencement-une-collaboration-prometteuse\/\" >\n\t\t\t\tKave Home et AGEMA Agencement : une collaboration prometteuse\u00a0!\t\t\t<\/a>\n\t\t<\/h3>\n\t\t\t\t<div class=\"elementor-post__excerpt\">\n\t\t\t<p>AGEMA Agencement est ravi d\u2019annoncer sa collaboration avec Kave Home, un acteur majeur dans le domaine du mobilier et de la d\u00e9coration d\u2019int\u00e9rieur. Ce partenariat<\/p>\n\t\t<\/div>\n\t\t\n\t\t<a class=\"elementor-post__read-more\" href=\"https:\/\/www.agema.fr\/de\/kave-home-et-agema-agencement-une-collaboration-prometteuse\/\" aria-label=\"Mehr \u00fcber Kave Home et AGEMA Agencement : une collaboration prometteuse\u00a0!\" tabindex=\"-1\" >\n\t\t\tLire la suite \u00bb\t\t<\/a>\n\n\t\t\t\t<\/div>\n\t\t\t\t<div class=\"elementor-post__meta-data\">\n\t\t\t\t\t<span class=\"elementor-post-date\">\n\t\t\t22 November 2024\t\t<\/span>\n\t\t\t\t<span class=\"elementor-post-avatar\">\n\t\t\tKeine Kommentare\t\t<\/span>\n\t\t\t\t<\/div>\n\t\t\t\t\t<\/div>\n\t\t<\/article>\n\t\t\t\t<article class=\"elementor-post elementor-grid-item post-6942 post type-post status-publish format-standard has-post-thumbnail hentry category-actualite\" role=\"listitem\">\n\t\t\t<div class=\"elementor-post__card\">\n\t\t\t\t<a class=\"elementor-post__thumbnail__link\" href=\"https:\/\/www.agema.fr\/de\/agema-agencement-signe-sa-premiere-collaboration-avec-jack-amp-jones-dupliquer-6890\/\" tabindex=\"-1\" ><div class=\"elementor-post__thumbnail\"><img loading=\"lazy\" decoding=\"async\" width=\"800\" height=\"600\" src=\"https:\/\/www.agema.fr\/wp-content\/uploads\/2024\/11\/Jack-Jones-Saint-Genis-Laval-27-1024x768.jpeg\" class=\"attachment-large size-large wp-image-6891\" alt=\"Jack and Jones magasin fa\u00e7ade\" srcset=\"https:\/\/www.agema.fr\/wp-content\/uploads\/2024\/11\/Jack-Jones-Saint-Genis-Laval-27-1024x768.jpeg 1024w, https:\/\/www.agema.fr\/wp-content\/uploads\/2024\/11\/Jack-Jones-Saint-Genis-Laval-27-300x225.jpeg 300w, https:\/\/www.agema.fr\/wp-content\/uploads\/2024\/11\/Jack-Jones-Saint-Genis-Laval-27-768x576.jpeg 768w, https:\/\/www.agema.fr\/wp-content\/uploads\/2024\/11\/Jack-Jones-Saint-Genis-Laval-27-1536x1152.jpeg 1536w, https:\/\/www.agema.fr\/wp-content\/uploads\/2024\/11\/Jack-Jones-Saint-Genis-Laval-27-16x12.jpeg 16w, https:\/\/www.agema.fr\/wp-content\/uploads\/2024\/11\/Jack-Jones-Saint-Genis-Laval-27.jpeg 1600w\" sizes=\"(max-width: 800px) 100vw, 800px\" \/><\/div><\/a>\n\t\t\t\t<div class=\"elementor-post__avatar\">\n\t\t\t\t\t<\/div>\n\t\t\t\t<div class=\"elementor-post__text\">\n\t\t\t\t<h3 class=\"elementor-post__title\">\n\t\t\t<a href=\"https:\/\/www.agema.fr\/de\/agema-agencement-signe-sa-premiere-collaboration-avec-jack-amp-jones-dupliquer-6890\/\" >\n\t\t\t\tAGEMA Agencement signe sa premi\u00e8re collaboration avec JACK &amp; JONES !\t\t\t<\/a>\n\t\t<\/h3>\n\t\t\t\t<div class=\"elementor-post__excerpt\">\n\t\t\t<p>AGEMA Agencement\u00a0est fier de pr\u00e9senter sa premi\u00e8re collaboration avec\u00a0JACK &amp; JONES, une r\u00e9f\u00e9rence incontournable de la mode masculine. Situ\u00e9 au centre commercial Saint Genis 2<\/p>\n\t\t<\/div>\n\t\t\n\t\t<a class=\"elementor-post__read-more\" href=\"https:\/\/www.agema.fr\/de\/agema-agencement-signe-sa-premiere-collaboration-avec-jack-amp-jones-dupliquer-6890\/\" aria-label=\"Mehr \u00fcber AGEMA Agencement signe sa premi\u00e8re collaboration avec JACK &amp; JONES !\" tabindex=\"-1\" >\n\t\t\tLire la suite \u00bb\t\t<\/a>\n\n\t\t\t\t<\/div>\n\t\t\t\t<div class=\"elementor-post__meta-data\">\n\t\t\t\t\t<span class=\"elementor-post-date\">\n\t\t\t18 November 2024\t\t<\/span>\n\t\t\t\t<span class=\"elementor-post-avatar\">\n\t\t\tKeine Kommentare\t\t<\/span>\n\t\t\t\t<\/div>\n\t\t\t\t\t<\/div>\n\t\t<\/article>\n\t\t\t\t<article class=\"elementor-post elementor-grid-item post-6664 post type-post status-publish format-standard has-post-thumbnail hentry category-actualite\" role=\"listitem\">\n\t\t\t<div class=\"elementor-post__card\">\n\t\t\t\t<a class=\"elementor-post__thumbnail__link\" href=\"https:\/\/www.agema.fr\/de\/agema-construction-cerfrance-dordogne\/\" tabindex=\"-1\" ><div class=\"elementor-post__thumbnail\"><img loading=\"lazy\" decoding=\"async\" width=\"800\" height=\"523\" src=\"https:\/\/www.agema.fr\/wp-content\/uploads\/2024\/10\/Capture-decran-2024-10-31-113428-1024x669.jpg\" class=\"attachment-large size-large wp-image-6665\" alt=\"\" srcset=\"https:\/\/www.agema.fr\/wp-content\/uploads\/2024\/10\/Capture-decran-2024-10-31-113428-1024x669.jpg 1024w, https:\/\/www.agema.fr\/wp-content\/uploads\/2024\/10\/Capture-decran-2024-10-31-113428-300x196.jpg 300w, https:\/\/www.agema.fr\/wp-content\/uploads\/2024\/10\/Capture-decran-2024-10-31-113428-768x502.jpg 768w, https:\/\/www.agema.fr\/wp-content\/uploads\/2024\/10\/Capture-decran-2024-10-31-113428-18x12.jpg 18w, https:\/\/www.agema.fr\/wp-content\/uploads\/2024\/10\/Capture-decran-2024-10-31-113428-475x310.jpg 475w, https:\/\/www.agema.fr\/wp-content\/uploads\/2024\/10\/Capture-decran-2024-10-31-113428-950x621.jpg 950w, https:\/\/www.agema.fr\/wp-content\/uploads\/2024\/10\/Capture-decran-2024-10-31-113428-389x254.jpg 389w, https:\/\/www.agema.fr\/wp-content\/uploads\/2024\/10\/Capture-decran-2024-10-31-113428-778x508.jpg 778w, https:\/\/www.agema.fr\/wp-content\/uploads\/2024\/10\/Capture-decran-2024-10-31-113428-480x313.jpg 480w, https:\/\/www.agema.fr\/wp-content\/uploads\/2024\/10\/Capture-decran-2024-10-31-113428-960x627.jpg 960w, https:\/\/www.agema.fr\/wp-content\/uploads\/2024\/10\/Capture-decran-2024-10-31-113428.jpg 1395w\" sizes=\"(max-width: 800px) 100vw, 800px\" \/><\/div><\/a>\n\t\t\t\t<div class=\"elementor-post__avatar\">\n\t\t\t\t\t<\/div>\n\t\t\t\t<div class=\"elementor-post__text\">\n\t\t\t\t<h3 class=\"elementor-post__title\">\n\t\t\t<a href=\"https:\/\/www.agema.fr\/de\/agema-construction-cerfrance-dordogne\/\" >\n\t\t\t\tAGEMA Construction : CERFRANCE Dordogne\t\t\t<\/a>\n\t\t<\/h3>\n\t\t\t\t<div class=\"elementor-post__excerpt\">\n\t\t\t<p>R\u00e9aliser les 466m\u00b2 de surface d\u2019un b\u00e2timent neuf en quelques semaines ?\u00a0 L\u2019\u00e9quipe d\u2019Agema Construction a relev\u00e9 le d\u00e9fi haut la main !\u00a0 CERFRANCE Dordogne<\/p>\n\t\t<\/div>\n\t\t\n\t\t<a class=\"elementor-post__read-more\" href=\"https:\/\/www.agema.fr\/de\/agema-construction-cerfrance-dordogne\/\" aria-label=\"Mehr \u00fcber AGEMA Construction : CERFRANCE Dordogne\" tabindex=\"-1\" >\n\t\t\tLire la suite \u00bb\t\t<\/a>\n\n\t\t\t\t<\/div>\n\t\t\t\t<div class=\"elementor-post__meta-data\">\n\t\t\t\t\t<span class=\"elementor-post-date\">\n\t\t\t31 Oktober 2024\t\t<\/span>\n\t\t\t\t<span class=\"elementor-post-avatar\">\n\t\t\tKeine Kommentare\t\t<\/span>\n\t\t\t\t<\/div>\n\t\t\t\t\t<\/div>\n\t\t<\/article>\n\t\t\t\t<article class=\"elementor-post elementor-grid-item post-6221 post type-post status-publish format-standard has-post-thumbnail hentry category-actualite\" role=\"listitem\">\n\t\t\t<div class=\"elementor-post__card\">\n\t\t\t\t<a class=\"elementor-post__thumbnail__link\" href=\"https:\/\/www.agema.fr\/de\/un-partenariat-durable-agema-agencement-et-only-france\/\" tabindex=\"-1\" ><div class=\"elementor-post__thumbnail\"><img loading=\"lazy\" decoding=\"async\" width=\"800\" height=\"600\" src=\"https:\/\/www.agema.fr\/wp-content\/uploads\/2024\/10\/WhatsApp-Image-2024-10-07-at-12.05.32-2-1024x768.jpeg\" class=\"attachment-large size-large wp-image-6223\" alt=\"\" srcset=\"https:\/\/www.agema.fr\/wp-content\/uploads\/2024\/10\/WhatsApp-Image-2024-10-07-at-12.05.32-2-1024x768.jpeg 1024w, https:\/\/www.agema.fr\/wp-content\/uploads\/2024\/10\/WhatsApp-Image-2024-10-07-at-12.05.32-2-300x225.jpeg 300w, https:\/\/www.agema.fr\/wp-content\/uploads\/2024\/10\/WhatsApp-Image-2024-10-07-at-12.05.32-2-768x576.jpeg 768w, https:\/\/www.agema.fr\/wp-content\/uploads\/2024\/10\/WhatsApp-Image-2024-10-07-at-12.05.32-2-1536x1152.jpeg 1536w, https:\/\/www.agema.fr\/wp-content\/uploads\/2024\/10\/WhatsApp-Image-2024-10-07-at-12.05.32-2-16x12.jpeg 16w, https:\/\/www.agema.fr\/wp-content\/uploads\/2024\/10\/WhatsApp-Image-2024-10-07-at-12.05.32-2.jpeg 1600w\" sizes=\"(max-width: 800px) 100vw, 800px\" \/><\/div><\/a>\n\t\t\t\t<div class=\"elementor-post__avatar\">\n\t\t\t\t\t<\/div>\n\t\t\t\t<div class=\"elementor-post__text\">\n\t\t\t\t<h3 class=\"elementor-post__title\">\n\t\t\t<a href=\"https:\/\/www.agema.fr\/de\/un-partenariat-durable-agema-agencement-et-only-france\/\" >\n\t\t\t\tAgema Agencement et Only France : Un partenariat durable !\u200b\t\t\t<\/a>\n\t\t<\/h3>\n\t\t\t\t<div class=\"elementor-post__excerpt\">\n\t\t\t<p>Agema Agencement et Only France : Un partenariat durable ! C&rsquo;est avec une immense fiert\u00e9 que nous c\u00e9l\u00e9brons nos 2 ann\u00e9es de partenariat avec la<\/p>\n\t\t<\/div>\n\t\t\n\t\t<a class=\"elementor-post__read-more\" href=\"https:\/\/www.agema.fr\/de\/un-partenariat-durable-agema-agencement-et-only-france\/\" aria-label=\"Mehr \u00fcber Agema Agencement et Only France : Un partenariat durable !\u200b\" tabindex=\"-1\" >\n\t\t\tLire la suite \u00bb\t\t<\/a>\n\n\t\t\t\t<\/div>\n\t\t\t\t<div class=\"elementor-post__meta-data\">\n\t\t\t\t\t<span class=\"elementor-post-date\">\n\t\t\t28 Oktober 2024\t\t<\/span>\n\t\t\t\t<span class=\"elementor-post-avatar\">\n\t\t\tKeine Kommentare\t\t<\/span>\n\t\t\t\t<\/div>\n\t\t\t\t\t<\/div>\n\t\t<\/article>\n\t\t\t\t<article class=\"elementor-post elementor-grid-item post-6581 post type-post status-publish format-standard has-post-thumbnail hentry category-actualite\" role=\"listitem\">\n\t\t\t<div class=\"elementor-post__card\">\n\t\t\t\t<a class=\"elementor-post__thumbnail__link\" href=\"https:\/\/www.agema.fr\/de\/agema-construction-suivi-de-chantier-les-romains\/\" tabindex=\"-1\" ><div class=\"elementor-post__thumbnail\"><img loading=\"lazy\" decoding=\"async\" width=\"800\" height=\"449\" src=\"https:\/\/www.agema.fr\/wp-content\/uploads\/2024\/10\/DJI_0806-1024x575.jpg\" class=\"attachment-large size-large wp-image-6582\" alt=\"\" srcset=\"https:\/\/www.agema.fr\/wp-content\/uploads\/2024\/10\/DJI_0806-1024x575.jpg 1024w, https:\/\/www.agema.fr\/wp-content\/uploads\/2024\/10\/DJI_0806-300x169.jpg 300w, https:\/\/www.agema.fr\/wp-content\/uploads\/2024\/10\/DJI_0806-768x431.jpg 768w, https:\/\/www.agema.fr\/wp-content\/uploads\/2024\/10\/DJI_0806-1536x863.jpg 1536w, https:\/\/www.agema.fr\/wp-content\/uploads\/2024\/10\/DJI_0806-2048x1151.jpg 2048w, https:\/\/www.agema.fr\/wp-content\/uploads\/2024\/10\/DJI_0806-18x10.jpg 18w\" sizes=\"(max-width: 800px) 100vw, 800px\" \/><\/div><\/a>\n\t\t\t\t<div class=\"elementor-post__avatar\">\n\t\t\t\t\t<\/div>\n\t\t\t\t<div class=\"elementor-post__text\">\n\t\t\t\t<h3 class=\"elementor-post__title\">\n\t\t\t<a href=\"https:\/\/www.agema.fr\/de\/agema-construction-suivi-de-chantier-les-romains\/\" >\n\t\t\t\tAGEMA Construction :  Suivi de chantier \u00ab\u00a0Les Romains\u00a0\u00bb\t\t\t<\/a>\n\t\t<\/h3>\n\t\t\t\t<div class=\"elementor-post__excerpt\">\n\t\t\t<p>Poursuite des travaux pour la zone commerciale \u00ab Les Romains \u00bb Les \u00e9quipes d\u2019Agema Construction ont entam\u00e9 depuis avril 2024 des travaux sur la zone<\/p>\n\t\t<\/div>\n\t\t\n\t\t<a class=\"elementor-post__read-more\" href=\"https:\/\/www.agema.fr\/de\/agema-construction-suivi-de-chantier-les-romains\/\" aria-label=\"Mehr \u00fcber AGEMA Construction :  Suivi de chantier \u00ab\u00a0Les Romains\u00a0\u00bb\" tabindex=\"-1\" >\n\t\t\tLire la suite \u00bb\t\t<\/a>\n\n\t\t\t\t<\/div>\n\t\t\t\t<div class=\"elementor-post__meta-data\">\n\t\t\t\t\t<span class=\"elementor-post-date\">\n\t\t\t14 Oktober 2024\t\t<\/span>\n\t\t\t\t<span class=\"elementor-post-avatar\">\n\t\t\tKeine Kommentare\t\t<\/span>\n\t\t\t\t<\/div>\n\t\t\t\t\t<\/div>\n\t\t<\/article>\n\t\t\t\t<article class=\"elementor-post elementor-grid-item post-6247 post type-post status-publish format-standard has-post-thumbnail hentry category-actualite\" role=\"listitem\">\n\t\t\t<div class=\"elementor-post__card\">\n\t\t\t\t<a class=\"elementor-post__thumbnail__link\" href=\"https:\/\/www.agema.fr\/de\/agema-agencement-aux-retail-days-de-deauville-2024\/\" tabindex=\"-1\" ><div class=\"elementor-post__thumbnail\"><img loading=\"lazy\" decoding=\"async\" width=\"800\" height=\"600\" src=\"https:\/\/www.agema.fr\/wp-content\/uploads\/2024\/10\/WhatsApp-Image-2024-10-01-at-11.35.39-1024x768.jpg\" class=\"attachment-large size-large wp-image-6253\" alt=\"\" srcset=\"https:\/\/www.agema.fr\/wp-content\/uploads\/2024\/10\/WhatsApp-Image-2024-10-01-at-11.35.39-1024x768.jpg 1024w, https:\/\/www.agema.fr\/wp-content\/uploads\/2024\/10\/WhatsApp-Image-2024-10-01-at-11.35.39-300x225.jpg 300w, https:\/\/www.agema.fr\/wp-content\/uploads\/2024\/10\/WhatsApp-Image-2024-10-01-at-11.35.39-768x576.jpg 768w, https:\/\/www.agema.fr\/wp-content\/uploads\/2024\/10\/WhatsApp-Image-2024-10-01-at-11.35.39-1536x1152.jpg 1536w, https:\/\/www.agema.fr\/wp-content\/uploads\/2024\/10\/WhatsApp-Image-2024-10-01-at-11.35.39-16x12.jpg 16w, https:\/\/www.agema.fr\/wp-content\/uploads\/2024\/10\/WhatsApp-Image-2024-10-01-at-11.35.39.jpg 2048w\" sizes=\"(max-width: 800px) 100vw, 800px\" \/><\/div><\/a>\n\t\t\t\t<div class=\"elementor-post__avatar\">\n\t\t\t\t\t<\/div>\n\t\t\t\t<div class=\"elementor-post__text\">\n\t\t\t\t<h3 class=\"elementor-post__title\">\n\t\t\t<a href=\"https:\/\/www.agema.fr\/de\/agema-agencement-aux-retail-days-de-deauville-2024\/\" >\n\t\t\t\tAGEMA Agencement aux Retail Days de Deauville 2024 !\u200b\t\t\t<\/a>\n\t\t<\/h3>\n\t\t\t\t<div class=\"elementor-post__excerpt\">\n\t\t\t<p>AGEMA Agencement aux Retail Days de Deauville 2024 ! AGEMA Agencement a particip\u00e9 aux Retail Days de Deauville les 30 septembre et 1er octobre 2024,<\/p>\n\t\t<\/div>\n\t\t\n\t\t<a class=\"elementor-post__read-more\" href=\"https:\/\/www.agema.fr\/de\/agema-agencement-aux-retail-days-de-deauville-2024\/\" aria-label=\"Mehr \u00fcber AGEMA Agencement aux Retail Days de Deauville 2024 !\u200b\" tabindex=\"-1\" >\n\t\t\tLire la suite \u00bb\t\t<\/a>\n\n\t\t\t\t<\/div>\n\t\t\t\t<div class=\"elementor-post__meta-data\">\n\t\t\t\t\t<span class=\"elementor-post-date\">\n\t\t\t8 Oktober 2024\t\t<\/span>\n\t\t\t\t<span class=\"elementor-post-avatar\">\n\t\t\tKeine Kommentare\t\t<\/span>\n\t\t\t\t<\/div>\n\t\t\t\t\t<\/div>\n\t\t<\/article>\n\t\t\t\t<article class=\"elementor-post elementor-grid-item post-6489 post type-post status-publish format-standard has-post-thumbnail hentry category-actualite\" role=\"listitem\">\n\t\t\t<div class=\"elementor-post__card\">\n\t\t\t\t<a class=\"elementor-post__thumbnail__link\" href=\"https:\/\/www.agema.fr\/de\/karting-et-convivialite-chez-agema-construction-2\/\" tabindex=\"-1\" ><div class=\"elementor-post__thumbnail\"><img loading=\"lazy\" decoding=\"async\" width=\"800\" height=\"450\" src=\"https:\/\/www.agema.fr\/wp-content\/uploads\/2024\/07\/Sans-titre-5-1024x576.jpg\" class=\"attachment-large size-large wp-image-5988\" alt=\"\" srcset=\"https:\/\/www.agema.fr\/wp-content\/uploads\/2024\/07\/Sans-titre-5-1024x576.jpg 1024w, https:\/\/www.agema.fr\/wp-content\/uploads\/2024\/07\/Sans-titre-5-300x169.jpg 300w, https:\/\/www.agema.fr\/wp-content\/uploads\/2024\/07\/Sans-titre-5-768x432.jpg 768w, https:\/\/www.agema.fr\/wp-content\/uploads\/2024\/07\/Sans-titre-5-1536x864.jpg 1536w, https:\/\/www.agema.fr\/wp-content\/uploads\/2024\/07\/Sans-titre-5-18x10.jpg 18w, https:\/\/www.agema.fr\/wp-content\/uploads\/2024\/07\/Sans-titre-5-475x267.jpg 475w, https:\/\/www.agema.fr\/wp-content\/uploads\/2024\/07\/Sans-titre-5-950x534.jpg 950w, https:\/\/www.agema.fr\/wp-content\/uploads\/2024\/07\/Sans-titre-5-389x219.jpg 389w, https:\/\/www.agema.fr\/wp-content\/uploads\/2024\/07\/Sans-titre-5-778x438.jpg 778w, https:\/\/www.agema.fr\/wp-content\/uploads\/2024\/07\/Sans-titre-5-480x270.jpg 480w, https:\/\/www.agema.fr\/wp-content\/uploads\/2024\/07\/Sans-titre-5-960x540.jpg 960w, https:\/\/www.agema.fr\/wp-content\/uploads\/2024\/07\/Sans-titre-5.jpg 1920w\" sizes=\"(max-width: 800px) 100vw, 800px\" \/><\/div><\/a>\n\t\t\t\t<div class=\"elementor-post__avatar\">\n\t\t\t\t\t<\/div>\n\t\t\t\t<div class=\"elementor-post__text\">\n\t\t\t\t<h3 class=\"elementor-post__title\">\n\t\t\t<a href=\"https:\/\/www.agema.fr\/de\/karting-et-convivialite-chez-agema-construction-2\/\" >\n\t\t\t\tKarting et convivialit\u00e9 chez Agema Construction\u00a0!\t\t\t<\/a>\n\t\t<\/h3>\n\t\t\t\t<div class=\"elementor-post__excerpt\">\n\t\t\t<p>Team Building pour l&rsquo;\u00e9quipe Agema construction ! Il y a quelques jours, Agema Construction organisait sa journ\u00e9e \u00ab Team Building \u00bb Ensemble, l\u2019\u00e9quipe a partag\u00e9<\/p>\n\t\t<\/div>\n\t\t\n\t\t<a class=\"elementor-post__read-more\" href=\"https:\/\/www.agema.fr\/de\/karting-et-convivialite-chez-agema-construction-2\/\" aria-label=\"Mehr \u00fcber Karting et convivialit\u00e9 chez Agema Construction\u00a0!\" tabindex=\"-1\" >\n\t\t\tLire la suite \u00bb\t\t<\/a>\n\n\t\t\t\t<\/div>\n\t\t\t\t<div class=\"elementor-post__meta-data\">\n\t\t\t\t\t<span class=\"elementor-post-date\">\n\t\t\t30 Juli 2024\t\t<\/span>\n\t\t\t\t<span class=\"elementor-post-avatar\">\n\t\t\tKeine Kommentare\t\t<\/span>\n\t\t\t\t<\/div>\n\t\t\t\t\t<\/div>\n\t\t<\/article>\n\t\t\t\t<article class=\"elementor-post elementor-grid-item post-6538 post type-post status-publish format-standard has-post-thumbnail hentry category-actualite\" role=\"listitem\">\n\t\t\t<div class=\"elementor-post__card\">\n\t\t\t\t<a class=\"elementor-post__thumbnail__link\" href=\"https:\/\/www.agema.fr\/de\/les-premieres-images-du-chantier-de-lesat-de-trelissac-2\/\" tabindex=\"-1\" ><div class=\"elementor-post__thumbnail\"><img loading=\"lazy\" decoding=\"async\" width=\"800\" height=\"457\" src=\"https:\/\/www.agema.fr\/wp-content\/uploads\/2024\/06\/Sans1.jpg\" class=\"attachment-large size-large wp-image-5969\" alt=\"\" srcset=\"https:\/\/www.agema.fr\/wp-content\/uploads\/2024\/06\/Sans1.jpg 946w, https:\/\/www.agema.fr\/wp-content\/uploads\/2024\/06\/Sans1-300x171.jpg 300w, https:\/\/www.agema.fr\/wp-content\/uploads\/2024\/06\/Sans1-768x438.jpg 768w, https:\/\/www.agema.fr\/wp-content\/uploads\/2024\/06\/Sans1-18x10.jpg 18w, https:\/\/www.agema.fr\/wp-content\/uploads\/2024\/06\/Sans1-475x271.jpg 475w, https:\/\/www.agema.fr\/wp-content\/uploads\/2024\/06\/Sans1-389x222.jpg 389w, https:\/\/www.agema.fr\/wp-content\/uploads\/2024\/06\/Sans1-778x444.jpg 778w, https:\/\/www.agema.fr\/wp-content\/uploads\/2024\/06\/Sans1-480x274.jpg 480w, https:\/\/www.agema.fr\/wp-content\/uploads\/2024\/06\/Sans1-950x542.jpg 950w, https:\/\/www.agema.fr\/wp-content\/uploads\/2024\/06\/Sans1-960x547.jpg 960w\" sizes=\"(max-width: 800px) 100vw, 800px\" \/><\/div><\/a>\n\t\t\t\t<div class=\"elementor-post__avatar\">\n\t\t\t\t\t<\/div>\n\t\t\t\t<div class=\"elementor-post__text\">\n\t\t\t\t<h3 class=\"elementor-post__title\">\n\t\t\t<a href=\"https:\/\/www.agema.fr\/de\/les-premieres-images-du-chantier-de-lesat-de-trelissac-2\/\" >\n\t\t\t\tLes premi\u00e8res images du chantier de l\u2019ESAT de Tr\u00e9lissac\u00a0!\t\t\t<\/a>\n\t\t<\/h3>\n\t\t\t\t<div class=\"elementor-post__excerpt\">\n\t\t\t<p>Le chantier de l&rsquo;ESAT de Tr\u00e9lissac d\u00e9voile ses premi\u00e8res images ! Ce nouvel ESAT (Etablissement et Service d&rsquo;Aide par le Travail), situ\u00e9 sur la Zone<\/p>\n\t\t<\/div>\n\t\t\n\t\t<a class=\"elementor-post__read-more\" href=\"https:\/\/www.agema.fr\/de\/les-premieres-images-du-chantier-de-lesat-de-trelissac-2\/\" aria-label=\"Mehr \u00fcber Les premi\u00e8res images du chantier de l\u2019ESAT de Tr\u00e9lissac\u00a0!\" tabindex=\"-1\" >\n\t\t\tLire la suite \u00bb\t\t<\/a>\n\n\t\t\t\t<\/div>\n\t\t\t\t<div class=\"elementor-post__meta-data\">\n\t\t\t\t\t<span class=\"elementor-post-date\">\n\t\t\t28 Juni 2024\t\t<\/span>\n\t\t\t\t<span class=\"elementor-post-avatar\">\n\t\t\tKeine Kommentare\t\t<\/span>\n\t\t\t\t<\/div>\n\t\t\t\t\t<\/div>\n\t\t<\/article>\n\t\t\t\t<article class=\"elementor-post elementor-grid-item post-6479 post type-post status-publish format-standard has-post-thumbnail hentry category-actualite\" role=\"listitem\">\n\t\t\t<div class=\"elementor-post__card\">\n\t\t\t\t<a class=\"elementor-post__thumbnail__link\" href=\"https:\/\/www.agema.fr\/de\/ouverture-de-nouvelles-enseignes-animalis\/\" tabindex=\"-1\" ><div class=\"elementor-post__thumbnail\"><img loading=\"lazy\" decoding=\"async\" width=\"800\" height=\"600\" src=\"https:\/\/www.agema.fr\/wp-content\/uploads\/2024\/06\/IMG_6178-1024x768.jpg\" class=\"attachment-large size-large wp-image-5932\" alt=\"\" srcset=\"https:\/\/www.agema.fr\/wp-content\/uploads\/2024\/06\/IMG_6178-1024x768.jpg 1024w, https:\/\/www.agema.fr\/wp-content\/uploads\/2024\/06\/IMG_6178-300x225.jpg 300w, https:\/\/www.agema.fr\/wp-content\/uploads\/2024\/06\/IMG_6178-768x576.jpg 768w, https:\/\/www.agema.fr\/wp-content\/uploads\/2024\/06\/IMG_6178-1536x1152.jpg 1536w, https:\/\/www.agema.fr\/wp-content\/uploads\/2024\/06\/IMG_6178-2048x1536.jpg 2048w, https:\/\/www.agema.fr\/wp-content\/uploads\/2024\/06\/IMG_6178-16x12.jpg 16w, https:\/\/www.agema.fr\/wp-content\/uploads\/2024\/06\/IMG_6178-475x356.jpg 475w, https:\/\/www.agema.fr\/wp-content\/uploads\/2024\/06\/IMG_6178-950x713.jpg 950w, https:\/\/www.agema.fr\/wp-content\/uploads\/2024\/06\/IMG_6178-389x292.jpg 389w, https:\/\/www.agema.fr\/wp-content\/uploads\/2024\/06\/IMG_6178-778x584.jpg 778w, https:\/\/www.agema.fr\/wp-content\/uploads\/2024\/06\/IMG_6178-480x360.jpg 480w, https:\/\/www.agema.fr\/wp-content\/uploads\/2024\/06\/IMG_6178-960x720.jpg 960w\" sizes=\"(max-width: 800px) 100vw, 800px\" \/><\/div><\/a>\n\t\t\t\t<div class=\"elementor-post__avatar\">\n\t\t\t\t\t<\/div>\n\t\t\t\t<div class=\"elementor-post__text\">\n\t\t\t\t<h3 class=\"elementor-post__title\">\n\t\t\t<a href=\"https:\/\/www.agema.fr\/de\/ouverture-de-nouvelles-enseignes-animalis\/\" >\n\t\t\t\tOuverture de nouvelles enseignes Animalis !\t\t\t<\/a>\n\t\t<\/h3>\n\t\t\t\t<div class=\"elementor-post__excerpt\">\n\t\t\t<p>Ouverture de nouvelles enseignes Animalis ! Apr\u00e8s Bourges et tr\u00e8s prochainement Limoges, c\u2019est en Alsace, dans la ville de Wittenheim, que les \u00e9quipes d\u2019Agema Agencement<\/p>\n\t\t<\/div>\n\t\t\n\t\t<a class=\"elementor-post__read-more\" href=\"https:\/\/www.agema.fr\/de\/ouverture-de-nouvelles-enseignes-animalis\/\" aria-label=\"Mehr \u00fcber Ouverture de nouvelles enseignes Animalis !\" tabindex=\"-1\" >\n\t\t\tLire la suite \u00bb\t\t<\/a>\n\n\t\t\t\t<\/div>\n\t\t\t\t<div class=\"elementor-post__meta-data\">\n\t\t\t\t\t<span class=\"elementor-post-date\">\n\t\t\t25 Juni 2024\t\t<\/span>\n\t\t\t\t<span class=\"elementor-post-avatar\">\n\t\t\tKeine Kommentare\t\t<\/span>\n\t\t\t\t<\/div>\n\t\t\t\t\t<\/div>\n\t\t<\/article>\n\t\t\t\t<article class=\"elementor-post elementor-grid-item post-6493 post type-post status-publish format-standard has-post-thumbnail hentry category-actualite\" role=\"listitem\">\n\t\t\t<div class=\"elementor-post__card\">\n\t\t\t\t<a class=\"elementor-post__thumbnail__link\" href=\"https:\/\/www.agema.fr\/de\/toujours-plus-loin-dans-la-technique\/\" tabindex=\"-1\" ><div class=\"elementor-post__thumbnail\"><img loading=\"lazy\" decoding=\"async\" width=\"800\" height=\"449\" src=\"https:\/\/www.agema.fr\/wp-content\/uploads\/2024\/06\/3-1024x575.jpg\" class=\"attachment-large size-large wp-image-5909\" alt=\"\" srcset=\"https:\/\/www.agema.fr\/wp-content\/uploads\/2024\/06\/3-1024x575.jpg 1024w, https:\/\/www.agema.fr\/wp-content\/uploads\/2024\/06\/3-300x169.jpg 300w, https:\/\/www.agema.fr\/wp-content\/uploads\/2024\/06\/3-768x431.jpg 768w, https:\/\/www.agema.fr\/wp-content\/uploads\/2024\/06\/3-1536x863.jpg 1536w, https:\/\/www.agema.fr\/wp-content\/uploads\/2024\/06\/3-2048x1151.jpg 2048w, https:\/\/www.agema.fr\/wp-content\/uploads\/2024\/06\/3-18x10.jpg 18w\" sizes=\"(max-width: 800px) 100vw, 800px\" \/><\/div><\/a>\n\t\t\t\t<div class=\"elementor-post__avatar\">\n\t\t\t\t\t<\/div>\n\t\t\t\t<div class=\"elementor-post__text\">\n\t\t\t\t<h3 class=\"elementor-post__title\">\n\t\t\t<a href=\"https:\/\/www.agema.fr\/de\/toujours-plus-loin-dans-la-technique\/\" >\n\t\t\t\tToujours plus loin dans la technique !\t\t\t<\/a>\n\t\t<\/h3>\n\t\t\t\t<div class=\"elementor-post__excerpt\">\n\t\t\t<p>Toujours plus loin dans la ma\u00eetrise technique ! Sur le site de Sainte Alv\u00e8re (24), chantier r\u00e9alis\u00e9 pour le compte de la FEDD (Fabrication Electronique<\/p>\n\t\t<\/div>\n\t\t\n\t\t<a class=\"elementor-post__read-more\" href=\"https:\/\/www.agema.fr\/de\/toujours-plus-loin-dans-la-technique\/\" aria-label=\"Mehr \u00fcber Toujours plus loin dans la technique !\" tabindex=\"-1\" >\n\t\t\tLire la suite \u00bb\t\t<\/a>\n\n\t\t\t\t<\/div>\n\t\t\t\t<div class=\"elementor-post__meta-data\">\n\t\t\t\t\t<span class=\"elementor-post-date\">\n\t\t\t3 Juni 2024\t\t<\/span>\n\t\t\t\t<span class=\"elementor-post-avatar\">\n\t\t\tKeine Kommentare\t\t<\/span>\n\t\t\t\t<\/div>\n\t\t\t\t\t<\/div>\n\t\t<\/article>\n\t\t\t\t<article class=\"elementor-post elementor-grid-item post-6474 post type-post status-publish format-standard has-post-thumbnail hentry category-actualite\" role=\"listitem\">\n\t\t\t<div class=\"elementor-post__card\">\n\t\t\t\t<a class=\"elementor-post__thumbnail__link\" href=\"https:\/\/www.agema.fr\/de\/ouverture-dune-nouvelle-agence-agema-a-lyon\/\" tabindex=\"-1\" ><div class=\"elementor-post__thumbnail\"><img loading=\"lazy\" decoding=\"async\" width=\"800\" height=\"460\" src=\"https:\/\/www.agema.fr\/wp-content\/uploads\/2024\/04\/Sans-titre-1.jpg\" class=\"attachment-large size-large wp-image-5863\" alt=\"\" srcset=\"https:\/\/www.agema.fr\/wp-content\/uploads\/2024\/04\/Sans-titre-1.jpg 940w, https:\/\/www.agema.fr\/wp-content\/uploads\/2024\/04\/Sans-titre-1-300x172.jpg 300w, https:\/\/www.agema.fr\/wp-content\/uploads\/2024\/04\/Sans-titre-1-768x441.jpg 768w, https:\/\/www.agema.fr\/wp-content\/uploads\/2024\/04\/Sans-titre-1-18x10.jpg 18w, https:\/\/www.agema.fr\/wp-content\/uploads\/2024\/04\/Sans-titre-1-475x272.jpg 475w, https:\/\/www.agema.fr\/wp-content\/uploads\/2024\/04\/Sans-titre-1-950x545.jpg 950w, https:\/\/www.agema.fr\/wp-content\/uploads\/2024\/04\/Sans-titre-1-389x223.jpg 389w, https:\/\/www.agema.fr\/wp-content\/uploads\/2024\/04\/Sans-titre-1-778x446.jpg 778w, https:\/\/www.agema.fr\/wp-content\/uploads\/2024\/04\/Sans-titre-1-480x275.jpg 480w, https:\/\/www.agema.fr\/wp-content\/uploads\/2024\/04\/Sans-titre-1-960x551.jpg 960w\" sizes=\"(max-width: 800px) 100vw, 800px\" \/><\/div><\/a>\n\t\t\t\t<div class=\"elementor-post__avatar\">\n\t\t\t\t\t<\/div>\n\t\t\t\t<div class=\"elementor-post__text\">\n\t\t\t\t<h3 class=\"elementor-post__title\">\n\t\t\t<a href=\"https:\/\/www.agema.fr\/de\/ouverture-dune-nouvelle-agence-agema-a-lyon\/\" >\n\t\t\t\tOuverture d\u2019une nouvelle agence Agema \u00e0 Lyon !\t\t\t<\/a>\n\t\t<\/h3>\n\t\t\t\t<div class=\"elementor-post__excerpt\">\n\t\t\t<p>Une nouvelle agence Agema ! Avec cette nouvelle implantation en France, Agema poursuit son objectif de s&rsquo;installer durablement sur le territoire et permettre \u00e0 nos<\/p>\n\t\t<\/div>\n\t\t\n\t\t<a class=\"elementor-post__read-more\" href=\"https:\/\/www.agema.fr\/de\/ouverture-dune-nouvelle-agence-agema-a-lyon\/\" aria-label=\"Mehr \u00fcber Ouverture d\u2019une nouvelle agence Agema \u00e0 Lyon !\" tabindex=\"-1\" >\n\t\t\tLire la suite \u00bb\t\t<\/a>\n\n\t\t\t\t<\/div>\n\t\t\t\t<div class=\"elementor-post__meta-data\">\n\t\t\t\t\t<span class=\"elementor-post-date\">\n\t\t\t17 April 2024\t\t<\/span>\n\t\t\t\t<span class=\"elementor-post-avatar\">\n\t\t\tKeine Kommentare\t\t<\/span>\n\t\t\t\t<\/div>\n\t\t\t\t\t<\/div>\n\t\t<\/article>\n\t\t\t\t<article class=\"elementor-post elementor-grid-item post-6502 post type-post status-publish format-standard has-post-thumbnail hentry category-actualite\" role=\"listitem\">\n\t\t\t<div class=\"elementor-post__card\">\n\t\t\t\t<a class=\"elementor-post__thumbnail__link\" href=\"https:\/\/www.agema.fr\/de\/zoom-sur-le-chantier-grand-front-ilse-manoire-futur-siege-du-groupe-seven-agema-2\/\" tabindex=\"-1\" ><div class=\"elementor-post__thumbnail\"><img loading=\"lazy\" decoding=\"async\" width=\"800\" height=\"449\" src=\"https:\/\/www.agema.fr\/wp-content\/uploads\/2024\/03\/DJI_0104-1024x575.jpg\" class=\"attachment-large size-large wp-image-5804\" alt=\"\" srcset=\"https:\/\/www.agema.fr\/wp-content\/uploads\/2024\/03\/DJI_0104-1024x575.jpg 1024w, https:\/\/www.agema.fr\/wp-content\/uploads\/2024\/03\/DJI_0104-300x169.jpg 300w, https:\/\/www.agema.fr\/wp-content\/uploads\/2024\/03\/DJI_0104-768x431.jpg 768w, https:\/\/www.agema.fr\/wp-content\/uploads\/2024\/03\/DJI_0104-1536x863.jpg 1536w, https:\/\/www.agema.fr\/wp-content\/uploads\/2024\/03\/DJI_0104-2048x1151.jpg 2048w, https:\/\/www.agema.fr\/wp-content\/uploads\/2024\/03\/DJI_0104-18x10.jpg 18w, https:\/\/www.agema.fr\/wp-content\/uploads\/2024\/03\/DJI_0104-475x266.jpg 475w, https:\/\/www.agema.fr\/wp-content\/uploads\/2024\/03\/DJI_0104-950x533.jpg 950w, https:\/\/www.agema.fr\/wp-content\/uploads\/2024\/03\/DJI_0104-389x218.jpg 389w, https:\/\/www.agema.fr\/wp-content\/uploads\/2024\/03\/DJI_0104-778x437.jpg 778w, https:\/\/www.agema.fr\/wp-content\/uploads\/2024\/03\/DJI_0104-480x269.jpg 480w, https:\/\/www.agema.fr\/wp-content\/uploads\/2024\/03\/DJI_0104-960x539.jpg 960w\" sizes=\"(max-width: 800px) 100vw, 800px\" \/><\/div><\/a>\n\t\t\t\t<div class=\"elementor-post__avatar\">\n\t\t\t\t\t<\/div>\n\t\t\t\t<div class=\"elementor-post__text\">\n\t\t\t\t<h3 class=\"elementor-post__title\">\n\t\t\t<a href=\"https:\/\/www.agema.fr\/de\/zoom-sur-le-chantier-grand-front-ilse-manoire-futur-siege-du-groupe-seven-agema-2\/\" >\n\t\t\t\tZoom sur\u2026 Le chantier Grand Front-Ilse Manoire: futur si\u00e8ge du Groupe Seven \u2013 Agema\t\t\t<\/a>\n\t\t<\/h3>\n\t\t\t\t<div class=\"elementor-post__excerpt\">\n\t\t\t<p>Une op\u00e9ration titanesque pour la Dordogne Ce programme d\u2019une surface totale de plus de 15\u00a0000m\u00b2 est r\u00e9alis\u00e9 par un groupement de plusieurs entreprises\u00a0du d\u00e9partement :<\/p>\n\t\t<\/div>\n\t\t\n\t\t<a class=\"elementor-post__read-more\" href=\"https:\/\/www.agema.fr\/de\/zoom-sur-le-chantier-grand-front-ilse-manoire-futur-siege-du-groupe-seven-agema-2\/\" aria-label=\"Mehr \u00fcber Zoom sur\u2026 Le chantier Grand Front-Ilse Manoire: futur si\u00e8ge du Groupe Seven \u2013 Agema\" tabindex=\"-1\" >\n\t\t\tLire la suite \u00bb\t\t<\/a>\n\n\t\t\t\t<\/div>\n\t\t\t\t<div class=\"elementor-post__meta-data\">\n\t\t\t\t\t<span class=\"elementor-post-date\">\n\t\t\t28 M\u00e4rz 2024\t\t<\/span>\n\t\t\t\t<span class=\"elementor-post-avatar\">\n\t\t\tKeine Kommentare\t\t<\/span>\n\t\t\t\t<\/div>\n\t\t\t\t\t<\/div>\n\t\t<\/article>\n\t\t\t\t<article class=\"elementor-post elementor-grid-item post-6531 post type-post status-publish format-standard has-post-thumbnail hentry category-actualite\" role=\"listitem\">\n\t\t\t<div class=\"elementor-post__card\">\n\t\t\t\t<a class=\"elementor-post__thumbnail__link\" href=\"https:\/\/www.agema.fr\/de\/agema-au-salon-hotel-and-restaurant-meetings-2\/\" tabindex=\"-1\" ><div class=\"elementor-post__thumbnail\"><img loading=\"lazy\" decoding=\"async\" width=\"800\" height=\"600\" src=\"https:\/\/www.agema.fr\/wp-content\/uploads\/2024\/03\/WhatsApp-Image-2024-03-20-at-16.40.09-1-1024x768.jpeg\" class=\"attachment-large size-large wp-image-5786\" alt=\"\" srcset=\"https:\/\/www.agema.fr\/wp-content\/uploads\/2024\/03\/WhatsApp-Image-2024-03-20-at-16.40.09-1-1024x768.jpeg 1024w, https:\/\/www.agema.fr\/wp-content\/uploads\/2024\/03\/WhatsApp-Image-2024-03-20-at-16.40.09-1-300x225.jpeg 300w, https:\/\/www.agema.fr\/wp-content\/uploads\/2024\/03\/WhatsApp-Image-2024-03-20-at-16.40.09-1-768x576.jpeg 768w, https:\/\/www.agema.fr\/wp-content\/uploads\/2024\/03\/WhatsApp-Image-2024-03-20-at-16.40.09-1-1536x1152.jpeg 1536w, https:\/\/www.agema.fr\/wp-content\/uploads\/2024\/03\/WhatsApp-Image-2024-03-20-at-16.40.09-1-16x12.jpeg 16w, https:\/\/www.agema.fr\/wp-content\/uploads\/2024\/03\/WhatsApp-Image-2024-03-20-at-16.40.09-1.jpeg 1600w\" sizes=\"(max-width: 800px) 100vw, 800px\" \/><\/div><\/a>\n\t\t\t\t<div class=\"elementor-post__avatar\">\n\t\t\t\t\t<\/div>\n\t\t\t\t<div class=\"elementor-post__text\">\n\t\t\t\t<h3 class=\"elementor-post__title\">\n\t\t\t<a href=\"https:\/\/www.agema.fr\/de\/agema-au-salon-hotel-and-restaurant-meetings-2\/\" >\n\t\t\t\tAgema au salon Hotel and Restaurant Meetings\t\t\t<\/a>\n\t\t<\/h3>\n\t\t\t\t<div class=\"elementor-post__excerpt\">\n\t\t\t<p>Agema pr\u00e9sent au salon Hotel and Restaurant Meetings de Cannes !\u200b Agema et Seven Group \u00e9taient pr\u00e9sents les 19, 20 et 21 mars dernier au<\/p>\n\t\t<\/div>\n\t\t\n\t\t<a class=\"elementor-post__read-more\" href=\"https:\/\/www.agema.fr\/de\/agema-au-salon-hotel-and-restaurant-meetings-2\/\" aria-label=\"Mehr \u00fcber Agema au salon Hotel and Restaurant Meetings\" tabindex=\"-1\" >\n\t\t\tLire la suite \u00bb\t\t<\/a>\n\n\t\t\t\t<\/div>\n\t\t\t\t<div class=\"elementor-post__meta-data\">\n\t\t\t\t\t<span class=\"elementor-post-date\">\n\t\t\t22 M\u00e4rz 2024\t\t<\/span>\n\t\t\t\t<span class=\"elementor-post-avatar\">\n\t\t\tKeine Kommentare\t\t<\/span>\n\t\t\t\t<\/div>\n\t\t\t\t\t<\/div>\n\t\t<\/article>\n\t\t\t\t<article class=\"elementor-post elementor-grid-item post-5638 post type-post status-publish format-standard has-post-thumbnail hentry category-actualite\" role=\"listitem\">\n\t\t\t<div class=\"elementor-post__card\">\n\t\t\t\t<a class=\"elementor-post__thumbnail__link\" href=\"https:\/\/www.agema.fr\/de\/agema-fete-la-fin-de-lannee\/\" tabindex=\"-1\" ><div class=\"elementor-post__thumbnail\"><img loading=\"lazy\" decoding=\"async\" width=\"800\" height=\"534\" src=\"https:\/\/www.agema.fr\/wp-content\/uploads\/2023\/12\/44Photo-Luc-Fauret-1-1024x683.jpg\" class=\"attachment-large size-large wp-image-5651\" alt=\"\" srcset=\"https:\/\/www.agema.fr\/wp-content\/uploads\/2023\/12\/44Photo-Luc-Fauret-1-1024x683.jpg 1024w, https:\/\/www.agema.fr\/wp-content\/uploads\/2023\/12\/44Photo-Luc-Fauret-1-300x200.jpg 300w, https:\/\/www.agema.fr\/wp-content\/uploads\/2023\/12\/44Photo-Luc-Fauret-1-768x512.jpg 768w, https:\/\/www.agema.fr\/wp-content\/uploads\/2023\/12\/44Photo-Luc-Fauret-1-1536x1024.jpg 1536w, https:\/\/www.agema.fr\/wp-content\/uploads\/2023\/12\/44Photo-Luc-Fauret-1-2048x1366.jpg 2048w, https:\/\/www.agema.fr\/wp-content\/uploads\/2023\/12\/44Photo-Luc-Fauret-1-18x12.jpg 18w\" sizes=\"(max-width: 800px) 100vw, 800px\" \/><\/div><\/a>\n\t\t\t\t<div class=\"elementor-post__avatar\">\n\t\t\t\t\t<\/div>\n\t\t\t\t<div class=\"elementor-post__text\">\n\t\t\t\t<h3 class=\"elementor-post__title\">\n\t\t\t<a href=\"https:\/\/www.agema.fr\/de\/agema-fete-la-fin-de-lannee\/\" >\n\t\t\t\tAgema f\u00eate la fin de l\u2019ann\u00e9e !\t\t\t<\/a>\n\t\t<\/h3>\n\t\t\t\t<div class=\"elementor-post__excerpt\">\n\t\t\t<p>Agema f\u00eate la fin de l\u2019ann\u00e9e ! Mercredi 13 d\u00e9cembre dernier, Agema r\u00e9unissait l\u2019ensemble de ses collaborateurs \u00e0 l\u2019occasion de sa traditionnelle f\u00eate de fin<\/p>\n\t\t<\/div>\n\t\t\n\t\t<a class=\"elementor-post__read-more\" href=\"https:\/\/www.agema.fr\/de\/agema-fete-la-fin-de-lannee\/\" aria-label=\"Mehr \u00fcber Agema f\u00eate la fin de l\u2019ann\u00e9e !\" tabindex=\"-1\" >\n\t\t\tLire la suite \u00bb\t\t<\/a>\n\n\t\t\t\t<\/div>\n\t\t\t\t<div class=\"elementor-post__meta-data\">\n\t\t\t\t\t<span class=\"elementor-post-date\">\n\t\t\t21 Dezember 2023\t\t<\/span>\n\t\t\t\t<span class=\"elementor-post-avatar\">\n\t\t\tKeine Kommentare\t\t<\/span>\n\t\t\t\t<\/div>\n\t\t\t\t\t<\/div>\n\t\t<\/article>\n\t\t\t\t<article class=\"elementor-post elementor-grid-item post-5517 post type-post status-publish format-standard has-post-thumbnail hentry category-actualite\" role=\"listitem\">\n\t\t\t<div class=\"elementor-post__card\">\n\t\t\t\t<a class=\"elementor-post__thumbnail__link\" href=\"https:\/\/www.agema.fr\/de\/pose-de-la-premiere-pierre-esat-trelissac\/\" tabindex=\"-1\" ><div class=\"elementor-post__thumbnail\"><img loading=\"lazy\" decoding=\"async\" width=\"800\" height=\"450\" src=\"https:\/\/www.agema.fr\/wp-content\/uploads\/2023\/11\/3-1024x576.jpg\" class=\"attachment-large size-large wp-image-5689\" alt=\"\" srcset=\"https:\/\/www.agema.fr\/wp-content\/uploads\/2023\/11\/3-1024x576.jpg 1024w, https:\/\/www.agema.fr\/wp-content\/uploads\/2023\/11\/3-300x169.jpg 300w, https:\/\/www.agema.fr\/wp-content\/uploads\/2023\/11\/3-768x432.jpg 768w, https:\/\/www.agema.fr\/wp-content\/uploads\/2023\/11\/3-1536x864.jpg 1536w, https:\/\/www.agema.fr\/wp-content\/uploads\/2023\/11\/3-18x10.jpg 18w, https:\/\/www.agema.fr\/wp-content\/uploads\/2023\/11\/3.jpg 1920w\" sizes=\"(max-width: 800px) 100vw, 800px\" \/><\/div><\/a>\n\t\t\t\t<div class=\"elementor-post__avatar\">\n\t\t\t\t\t<\/div>\n\t\t\t\t<div class=\"elementor-post__text\">\n\t\t\t\t<h3 class=\"elementor-post__title\">\n\t\t\t<a href=\"https:\/\/www.agema.fr\/de\/pose-de-la-premiere-pierre-esat-trelissac\/\" >\n\t\t\t\tPose de la Premi\u00e8re Pierre ESAT &#8211; Tr\u00e9lissac\t\t\t<\/a>\n\t\t<\/h3>\n\t\t\t\t<div class=\"elementor-post__excerpt\">\n\t\t\t<p>Pose de la Premi\u00e8re Pierre ESAT (Etablissement de Service et d\u2019Accompagnement par le Travail) de l&rsquo;APEI, \u00e0 Tr\u00e9lissac Ce vendredi 10 novembre 2023, la premi\u00e8re<\/p>\n\t\t<\/div>\n\t\t\n\t\t<a class=\"elementor-post__read-more\" href=\"https:\/\/www.agema.fr\/de\/pose-de-la-premiere-pierre-esat-trelissac\/\" aria-label=\"Mehr \u00fcber Pose de la Premi\u00e8re Pierre ESAT &#8211; Tr\u00e9lissac\" tabindex=\"-1\" >\n\t\t\tLire la suite \u00bb\t\t<\/a>\n\n\t\t\t\t<\/div>\n\t\t\t\t<div class=\"elementor-post__meta-data\">\n\t\t\t\t\t<span class=\"elementor-post-date\">\n\t\t\t15 November 2023\t\t<\/span>\n\t\t\t\t<span class=\"elementor-post-avatar\">\n\t\t\tKeine Kommentare\t\t<\/span>\n\t\t\t\t<\/div>\n\t\t\t\t\t<\/div>\n\t\t<\/article>\n\t\t\t\t<article class=\"elementor-post elementor-grid-item post-5434 post type-post status-publish format-standard has-post-thumbnail hentry category-actualite\" role=\"listitem\">\n\t\t\t<div class=\"elementor-post__card\">\n\t\t\t\t<a class=\"elementor-post__thumbnail__link\" href=\"https:\/\/www.agema.fr\/de\/les-foulees-roses-perigueux\/\" tabindex=\"-1\" ><div class=\"elementor-post__thumbnail\"><img loading=\"lazy\" decoding=\"async\" width=\"800\" height=\"600\" src=\"https:\/\/www.agema.fr\/wp-content\/uploads\/2023\/10\/Foulees-roses-team-Agema.jpg\" class=\"attachment-large size-large wp-image-5435\" alt=\"\" srcset=\"https:\/\/www.agema.fr\/wp-content\/uploads\/2023\/10\/Foulees-roses-team-Agema.jpg 800w, https:\/\/www.agema.fr\/wp-content\/uploads\/2023\/10\/Foulees-roses-team-Agema-300x225.jpg 300w, https:\/\/www.agema.fr\/wp-content\/uploads\/2023\/10\/Foulees-roses-team-Agema-768x576.jpg 768w, https:\/\/www.agema.fr\/wp-content\/uploads\/2023\/10\/Foulees-roses-team-Agema-16x12.jpg 16w\" sizes=\"(max-width: 800px) 100vw, 800px\" \/><\/div><\/a>\n\t\t\t\t<div class=\"elementor-post__avatar\">\n\t\t\t\t\t<\/div>\n\t\t\t\t<div class=\"elementor-post__text\">\n\t\t\t\t<h3 class=\"elementor-post__title\">\n\t\t\t<a href=\"https:\/\/www.agema.fr\/de\/les-foulees-roses-perigueux\/\" >\n\t\t\t\tLes foul\u00e9es roses &#8211; P\u00e9rigueux\t\t\t<\/a>\n\t\t<\/h3>\n\t\t\t\t<div class=\"elementor-post__excerpt\">\n\t\t\t<p>Les Foul\u00e9es roses &#8211; Ligue contre le Cancer Agema et le sport, une v\u00e9ritable histoire d&rsquo;amour !D&rsquo;autant plus si c&rsquo;est pour la bonne cause !C&rsquo;est<\/p>\n\t\t<\/div>\n\t\t\n\t\t<a class=\"elementor-post__read-more\" href=\"https:\/\/www.agema.fr\/de\/les-foulees-roses-perigueux\/\" aria-label=\"Mehr \u00fcber Les foul\u00e9es roses &#8211; P\u00e9rigueux\" tabindex=\"-1\" >\n\t\t\tLire la suite \u00bb\t\t<\/a>\n\n\t\t\t\t<\/div>\n\t\t\t\t<div class=\"elementor-post__meta-data\">\n\t\t\t\t\t<span class=\"elementor-post-date\">\n\t\t\t4 Oktober 2023\t\t<\/span>\n\t\t\t\t<span class=\"elementor-post-avatar\">\n\t\t\tKeine Kommentare\t\t<\/span>\n\t\t\t\t<\/div>\n\t\t\t\t\t<\/div>\n\t\t<\/article>\n\t\t\t\t<article class=\"elementor-post elementor-grid-item post-5370 post type-post status-publish format-standard has-post-thumbnail hentry category-actualite\" role=\"listitem\">\n\t\t\t<div class=\"elementor-post__card\">\n\t\t\t\t<a class=\"elementor-post__thumbnail__link\" href=\"https:\/\/www.agema.fr\/de\/chantier-ayor\/\" tabindex=\"-1\" ><div class=\"elementor-post__thumbnail\"><img loading=\"lazy\" decoding=\"async\" width=\"800\" height=\"449\" src=\"https:\/\/www.agema.fr\/wp-content\/uploads\/2023\/09\/DJI_0714-1024x575.jpg\" class=\"attachment-large size-large wp-image-5371\" alt=\"\" srcset=\"https:\/\/www.agema.fr\/wp-content\/uploads\/2023\/09\/DJI_0714-1024x575.jpg 1024w, https:\/\/www.agema.fr\/wp-content\/uploads\/2023\/09\/DJI_0714-300x169.jpg 300w, https:\/\/www.agema.fr\/wp-content\/uploads\/2023\/09\/DJI_0714-768x431.jpg 768w, https:\/\/www.agema.fr\/wp-content\/uploads\/2023\/09\/DJI_0714-1536x863.jpg 1536w, https:\/\/www.agema.fr\/wp-content\/uploads\/2023\/09\/DJI_0714-2048x1151.jpg 2048w, https:\/\/www.agema.fr\/wp-content\/uploads\/2023\/09\/DJI_0714-18x10.jpg 18w\" sizes=\"(max-width: 800px) 100vw, 800px\" \/><\/div><\/a>\n\t\t\t\t<div class=\"elementor-post__avatar\">\n\t\t\t\t\t<\/div>\n\t\t\t\t<div class=\"elementor-post__text\">\n\t\t\t\t<h3 class=\"elementor-post__title\">\n\t\t\t<a href=\"https:\/\/www.agema.fr\/de\/chantier-ayor\/\" >\n\t\t\t\tChantier Ayor &#8211; Marsac sur l&rsquo;Isle\t\t\t<\/a>\n\t\t<\/h3>\n\t\t\t\t<div class=\"elementor-post__excerpt\">\n\t\t\t<p>D\u00e9marrage du chantier Ayor \u00e0 Marsac Face \u00e0 l\u2019augmentation de leurs besoins en mati\u00e8re de stockage et d\u2019exp\u00e9dition, Ayor a confi\u00e9 aux \u00e9quipes d&rsquo;Agema Construction<\/p>\n\t\t<\/div>\n\t\t\n\t\t<a class=\"elementor-post__read-more\" href=\"https:\/\/www.agema.fr\/de\/chantier-ayor\/\" aria-label=\"Mehr \u00fcber Chantier Ayor &#8211; Marsac sur l&rsquo;Isle\" tabindex=\"-1\" >\n\t\t\tLire la suite \u00bb\t\t<\/a>\n\n\t\t\t\t<\/div>\n\t\t\t\t<div class=\"elementor-post__meta-data\">\n\t\t\t\t\t<span class=\"elementor-post-date\">\n\t\t\t8 September 2023\t\t<\/span>\n\t\t\t\t<span class=\"elementor-post-avatar\">\n\t\t\tKeine Kommentare\t\t<\/span>\n\t\t\t\t<\/div>\n\t\t\t\t\t<\/div>\n\t\t<\/article>\n\t\t\t\t<article class=\"elementor-post elementor-grid-item post-5293 post type-post status-publish format-standard has-post-thumbnail hentry category-actualite\" role=\"listitem\">\n\t\t\t<div class=\"elementor-post__card\">\n\t\t\t\t<a class=\"elementor-post__thumbnail__link\" href=\"https:\/\/www.agema.fr\/de\/ouverture-dun-normal-a-coina-au-portugal\/\" tabindex=\"-1\" ><div class=\"elementor-post__thumbnail\"><img loading=\"lazy\" decoding=\"async\" width=\"800\" height=\"600\" src=\"https:\/\/www.agema.fr\/wp-content\/uploads\/2023\/08\/enseigne-800x600-1.jpg\" class=\"attachment-large size-large wp-image-5294\" alt=\"\" srcset=\"https:\/\/www.agema.fr\/wp-content\/uploads\/2023\/08\/enseigne-800x600-1.jpg 800w, https:\/\/www.agema.fr\/wp-content\/uploads\/2023\/08\/enseigne-800x600-1-300x225.jpg 300w, https:\/\/www.agema.fr\/wp-content\/uploads\/2023\/08\/enseigne-800x600-1-768x576.jpg 768w, https:\/\/www.agema.fr\/wp-content\/uploads\/2023\/08\/enseigne-800x600-1-16x12.jpg 16w, https:\/\/www.agema.fr\/wp-content\/uploads\/2023\/08\/enseigne-800x600-1-475x356.jpg 475w, https:\/\/www.agema.fr\/wp-content\/uploads\/2023\/08\/enseigne-800x600-1-389x292.jpg 389w, https:\/\/www.agema.fr\/wp-content\/uploads\/2023\/08\/enseigne-800x600-1-778x584.jpg 778w, https:\/\/www.agema.fr\/wp-content\/uploads\/2023\/08\/enseigne-800x600-1-480x360.jpg 480w\" sizes=\"(max-width: 800px) 100vw, 800px\" \/><\/div><\/a>\n\t\t\t\t<div class=\"elementor-post__avatar\">\n\t\t\t\t\t<\/div>\n\t\t\t\t<div class=\"elementor-post__text\">\n\t\t\t\t<h3 class=\"elementor-post__title\">\n\t\t\t<a href=\"https:\/\/www.agema.fr\/de\/ouverture-dun-normal-a-coina-au-portugal\/\" >\n\t\t\t\tOuverture d\u2019un Normal \u00e0 Coina au Portugal\t\t\t<\/a>\n\t\t<\/h3>\n\t\t\t\t<div class=\"elementor-post__excerpt\">\n\t\t\t<p>Ouverture d&rsquo;un Normal \u00e0 Coina, au Portugal Cr\u00e9\u00e9 en 2013 au Danemark, cette chaine compte plus de 500 magasins \u00e0 travers l\u2019Europe.Leur concept, c\u2019est de<\/p>\n\t\t<\/div>\n\t\t\n\t\t<a class=\"elementor-post__read-more\" href=\"https:\/\/www.agema.fr\/de\/ouverture-dun-normal-a-coina-au-portugal\/\" aria-label=\"Mehr \u00fcber Ouverture d\u2019un Normal \u00e0 Coina au Portugal\" tabindex=\"-1\" >\n\t\t\tLire la suite \u00bb\t\t<\/a>\n\n\t\t\t\t<\/div>\n\t\t\t\t<div class=\"elementor-post__meta-data\">\n\t\t\t\t\t<span class=\"elementor-post-date\">\n\t\t\t25 August 2023\t\t<\/span>\n\t\t\t\t<span class=\"elementor-post-avatar\">\n\t\t\tKeine Kommentare\t\t<\/span>\n\t\t\t\t<\/div>\n\t\t\t\t\t<\/div>\n\t\t<\/article>\n\t\t\t\t<article class=\"elementor-post elementor-grid-item post-5262 post type-post status-publish format-standard has-post-thumbnail hentry category-actualite\" role=\"listitem\">\n\t\t\t<div class=\"elementor-post__card\">\n\t\t\t\t<a class=\"elementor-post__thumbnail__link\" href=\"https:\/\/www.agema.fr\/de\/ouverture-dun-starbucks-en-plein-coeur-du-centre-ville-de-limoges\/\" tabindex=\"-1\" ><div class=\"elementor-post__thumbnail\"><img loading=\"lazy\" decoding=\"async\" width=\"800\" height=\"600\" src=\"https:\/\/www.agema.fr\/wp-content\/uploads\/2023\/08\/2.jpg\" class=\"attachment-large size-large wp-image-5263\" alt=\"\" srcset=\"https:\/\/www.agema.fr\/wp-content\/uploads\/2023\/08\/2.jpg 800w, https:\/\/www.agema.fr\/wp-content\/uploads\/2023\/08\/2-300x225.jpg 300w, https:\/\/www.agema.fr\/wp-content\/uploads\/2023\/08\/2-768x576.jpg 768w, https:\/\/www.agema.fr\/wp-content\/uploads\/2023\/08\/2-16x12.jpg 16w, https:\/\/www.agema.fr\/wp-content\/uploads\/2023\/08\/2-475x356.jpg 475w, https:\/\/www.agema.fr\/wp-content\/uploads\/2023\/08\/2-389x292.jpg 389w, https:\/\/www.agema.fr\/wp-content\/uploads\/2023\/08\/2-778x584.jpg 778w, https:\/\/www.agema.fr\/wp-content\/uploads\/2023\/08\/2-480x360.jpg 480w\" sizes=\"(max-width: 800px) 100vw, 800px\" \/><\/div><\/a>\n\t\t\t\t<div class=\"elementor-post__avatar\">\n\t\t\t\t\t<\/div>\n\t\t\t\t<div class=\"elementor-post__text\">\n\t\t\t\t<h3 class=\"elementor-post__title\">\n\t\t\t<a href=\"https:\/\/www.agema.fr\/de\/ouverture-dun-starbucks-en-plein-coeur-du-centre-ville-de-limoges\/\" >\n\t\t\t\tOuverture d\u2019un Starbucks en plein c\u0153ur du centre ville de Limoges\t\t\t<\/a>\n\t\t<\/h3>\n\t\t\t\t<div class=\"elementor-post__excerpt\">\n\t\t\t<p>Ouverture d\u2019un Starbucks en plein c\u0153ur du centre ville de Limoges Fond\u00e9 en 1971 \u00e0 Seattle, Starbucks c\u2019est aujourd\u2019hui 35 711 \u00e9tablissements implant\u00e9s dans 86<\/p>\n\t\t<\/div>\n\t\t\n\t\t<a class=\"elementor-post__read-more\" href=\"https:\/\/www.agema.fr\/de\/ouverture-dun-starbucks-en-plein-coeur-du-centre-ville-de-limoges\/\" aria-label=\"Mehr \u00fcber Ouverture d\u2019un Starbucks en plein c\u0153ur du centre ville de Limoges\" tabindex=\"-1\" >\n\t\t\tLire la suite \u00bb\t\t<\/a>\n\n\t\t\t\t<\/div>\n\t\t\t\t<div class=\"elementor-post__meta-data\">\n\t\t\t\t\t<span class=\"elementor-post-date\">\n\t\t\t7 August 2023\t\t<\/span>\n\t\t\t\t<span class=\"elementor-post-avatar\">\n\t\t\tKeine Kommentare\t\t<\/span>\n\t\t\t\t<\/div>\n\t\t\t\t\t<\/div>\n\t\t<\/article>\n\t\t\t\t<article class=\"elementor-post elementor-grid-item post-5174 post type-post status-publish format-standard has-post-thumbnail hentry category-actualite\" role=\"listitem\">\n\t\t\t<div class=\"elementor-post__card\">\n\t\t\t\t<a class=\"elementor-post__thumbnail__link\" href=\"https:\/\/www.agema.fr\/de\/ouverture-dune-nouvelle-agence-a-bordeaux\/\" tabindex=\"-1\" ><div class=\"elementor-post__thumbnail\"><img loading=\"lazy\" decoding=\"async\" width=\"800\" height=\"534\" src=\"https:\/\/www.agema.fr\/wp-content\/uploads\/2023\/07\/19@-Photo-Luc-Fauret-1024x683.jpg\" class=\"attachment-large size-large wp-image-5178\" alt=\"\" srcset=\"https:\/\/www.agema.fr\/wp-content\/uploads\/2023\/07\/19@-Photo-Luc-Fauret-1024x683.jpg 1024w, https:\/\/www.agema.fr\/wp-content\/uploads\/2023\/07\/19@-Photo-Luc-Fauret-300x200.jpg 300w, https:\/\/www.agema.fr\/wp-content\/uploads\/2023\/07\/19@-Photo-Luc-Fauret-768x512.jpg 768w, https:\/\/www.agema.fr\/wp-content\/uploads\/2023\/07\/19@-Photo-Luc-Fauret-1536x1024.jpg 1536w, https:\/\/www.agema.fr\/wp-content\/uploads\/2023\/07\/19@-Photo-Luc-Fauret-18x12.jpg 18w, https:\/\/www.agema.fr\/wp-content\/uploads\/2023\/07\/19@-Photo-Luc-Fauret-475x317.jpg 475w, https:\/\/www.agema.fr\/wp-content\/uploads\/2023\/07\/19@-Photo-Luc-Fauret-950x633.jpg 950w, https:\/\/www.agema.fr\/wp-content\/uploads\/2023\/07\/19@-Photo-Luc-Fauret-389x259.jpg 389w, https:\/\/www.agema.fr\/wp-content\/uploads\/2023\/07\/19@-Photo-Luc-Fauret-778x519.jpg 778w, https:\/\/www.agema.fr\/wp-content\/uploads\/2023\/07\/19@-Photo-Luc-Fauret-480x320.jpg 480w, https:\/\/www.agema.fr\/wp-content\/uploads\/2023\/07\/19@-Photo-Luc-Fauret-960x640.jpg 960w, https:\/\/www.agema.fr\/wp-content\/uploads\/2023\/07\/19@-Photo-Luc-Fauret.jpg 1920w\" sizes=\"(max-width: 800px) 100vw, 800px\" \/><\/div><\/a>\n\t\t\t\t<div class=\"elementor-post__avatar\">\n\t\t\t\t\t<\/div>\n\t\t\t\t<div class=\"elementor-post__text\">\n\t\t\t\t<h3 class=\"elementor-post__title\">\n\t\t\t<a href=\"https:\/\/www.agema.fr\/de\/ouverture-dune-nouvelle-agence-a-bordeaux\/\" >\n\t\t\t\tOuverture d\u2019une nouvelle agence \u00e0 Bordeaux\t\t\t<\/a>\n\t\t<\/h3>\n\t\t\t\t<div class=\"elementor-post__excerpt\">\n\t\t\t<p>Ouverture d\u2019une nouvelle agence \u00e0 Bordeaux Le Groupe Agema franchit une nouvelle \u00e9tape dans son d\u00e9veloppement en ouvrant une agence \u00e0 Bordeaux, il s&rsquo;agit de<\/p>\n\t\t<\/div>\n\t\t\n\t\t<a class=\"elementor-post__read-more\" href=\"https:\/\/www.agema.fr\/de\/ouverture-dune-nouvelle-agence-a-bordeaux\/\" aria-label=\"Mehr \u00fcber Ouverture d\u2019une nouvelle agence \u00e0 Bordeaux\" tabindex=\"-1\" >\n\t\t\tLire la suite \u00bb\t\t<\/a>\n\n\t\t\t\t<\/div>\n\t\t\t\t<div class=\"elementor-post__meta-data\">\n\t\t\t\t\t<span class=\"elementor-post-date\">\n\t\t\t19 Juli 2023\t\t<\/span>\n\t\t\t\t<span class=\"elementor-post-avatar\">\n\t\t\tKeine Kommentare\t\t<\/span>\n\t\t\t\t<\/div>\n\t\t\t\t\t<\/div>\n\t\t<\/article>\n\t\t\t\t<article class=\"elementor-post elementor-grid-item post-5152 post type-post status-publish format-standard has-post-thumbnail hentry category-actualite\" role=\"listitem\">\n\t\t\t<div class=\"elementor-post__card\">\n\t\t\t\t<a class=\"elementor-post__thumbnail__link\" href=\"https:\/\/www.agema.fr\/de\/ouverture-heiko-la-teste-de-buch\/\" tabindex=\"-1\" ><div class=\"elementor-post__thumbnail\"><img loading=\"lazy\" decoding=\"async\" width=\"800\" height=\"534\" src=\"https:\/\/www.agema.fr\/wp-content\/uploads\/2023\/07\/04@-Photo-Luc-Fauret-1024x683.jpg\" class=\"attachment-large size-large wp-image-5144\" alt=\"\" srcset=\"https:\/\/www.agema.fr\/wp-content\/uploads\/2023\/07\/04@-Photo-Luc-Fauret-1024x683.jpg 1024w, https:\/\/www.agema.fr\/wp-content\/uploads\/2023\/07\/04@-Photo-Luc-Fauret-300x200.jpg 300w, https:\/\/www.agema.fr\/wp-content\/uploads\/2023\/07\/04@-Photo-Luc-Fauret-768x512.jpg 768w, https:\/\/www.agema.fr\/wp-content\/uploads\/2023\/07\/04@-Photo-Luc-Fauret-1536x1024.jpg 1536w, https:\/\/www.agema.fr\/wp-content\/uploads\/2023\/07\/04@-Photo-Luc-Fauret-18x12.jpg 18w, https:\/\/www.agema.fr\/wp-content\/uploads\/2023\/07\/04@-Photo-Luc-Fauret-475x316.jpg 475w, https:\/\/www.agema.fr\/wp-content\/uploads\/2023\/07\/04@-Photo-Luc-Fauret-950x633.jpg 950w, https:\/\/www.agema.fr\/wp-content\/uploads\/2023\/07\/04@-Photo-Luc-Fauret-389x259.jpg 389w, https:\/\/www.agema.fr\/wp-content\/uploads\/2023\/07\/04@-Photo-Luc-Fauret-778x518.jpg 778w, https:\/\/www.agema.fr\/wp-content\/uploads\/2023\/07\/04@-Photo-Luc-Fauret-480x320.jpg 480w, https:\/\/www.agema.fr\/wp-content\/uploads\/2023\/07\/04@-Photo-Luc-Fauret-960x640.jpg 960w, https:\/\/www.agema.fr\/wp-content\/uploads\/2023\/07\/04@-Photo-Luc-Fauret.jpg 1920w\" sizes=\"(max-width: 800px) 100vw, 800px\" \/><\/div><\/a>\n\t\t\t\t<div class=\"elementor-post__avatar\">\n\t\t\t\t\t<\/div>\n\t\t\t\t<div class=\"elementor-post__text\">\n\t\t\t\t<h3 class=\"elementor-post__title\">\n\t\t\t<a href=\"https:\/\/www.agema.fr\/de\/ouverture-heiko-la-teste-de-buch\/\" >\n\t\t\t\tOuverture Heiko La Teste-de-Buch\t\t\t<\/a>\n\t\t<\/h3>\n\t\t\t\t<div class=\"elementor-post__excerpt\">\n\t\t\t<p>Ouverture d&rsquo;un restaurant Heiko La Teste-de-Buch Nous sommes tr\u00e8s heureux de vous faire part de la r\u00e9alisation de ce nouveau restaurant Heiko, situ\u00e9 avenue de<\/p>\n\t\t<\/div>\n\t\t\n\t\t<a class=\"elementor-post__read-more\" href=\"https:\/\/www.agema.fr\/de\/ouverture-heiko-la-teste-de-buch\/\" aria-label=\"Mehr \u00fcber Ouverture Heiko La Teste-de-Buch\" tabindex=\"-1\" >\n\t\t\tLire la suite \u00bb\t\t<\/a>\n\n\t\t\t\t<\/div>\n\t\t\t\t<div class=\"elementor-post__meta-data\">\n\t\t\t\t\t<span class=\"elementor-post-date\">\n\t\t\t19 Juli 2023\t\t<\/span>\n\t\t\t\t<span class=\"elementor-post-avatar\">\n\t\t\tKeine Kommentare\t\t<\/span>\n\t\t\t\t<\/div>\n\t\t\t\t\t<\/div>\n\t\t<\/article>\n\t\t\t\t<article class=\"elementor-post elementor-grid-item post-4919 post type-post status-publish format-standard has-post-thumbnail hentry category-actualite\" role=\"listitem\">\n\t\t\t<div class=\"elementor-post__card\">\n\t\t\t\t<a class=\"elementor-post__thumbnail__link\" href=\"https:\/\/www.agema.fr\/de\/nouvelle-ouverture-dun-starbucks-dans-le-centre-ville-de-niort\/\" tabindex=\"-1\" ><div class=\"elementor-post__thumbnail\"><img loading=\"lazy\" decoding=\"async\" width=\"800\" height=\"600\" src=\"https:\/\/www.agema.fr\/wp-content\/uploads\/2023\/05\/Visuel-article-starbucks.jpeg\" class=\"attachment-large size-large wp-image-4920\" alt=\"\" srcset=\"https:\/\/www.agema.fr\/wp-content\/uploads\/2023\/05\/Visuel-article-starbucks.jpeg 1024w, https:\/\/www.agema.fr\/wp-content\/uploads\/2023\/05\/Visuel-article-starbucks-300x225.jpeg 300w, https:\/\/www.agema.fr\/wp-content\/uploads\/2023\/05\/Visuel-article-starbucks-768x576.jpeg 768w, https:\/\/www.agema.fr\/wp-content\/uploads\/2023\/05\/Visuel-article-starbucks-16x12.jpeg 16w, https:\/\/www.agema.fr\/wp-content\/uploads\/2023\/05\/Visuel-article-starbucks-475x356.jpeg 475w, https:\/\/www.agema.fr\/wp-content\/uploads\/2023\/05\/Visuel-article-starbucks-950x713.jpeg 950w, https:\/\/www.agema.fr\/wp-content\/uploads\/2023\/05\/Visuel-article-starbucks-389x292.jpeg 389w, https:\/\/www.agema.fr\/wp-content\/uploads\/2023\/05\/Visuel-article-starbucks-778x584.jpeg 778w, https:\/\/www.agema.fr\/wp-content\/uploads\/2023\/05\/Visuel-article-starbucks-480x360.jpeg 480w, https:\/\/www.agema.fr\/wp-content\/uploads\/2023\/05\/Visuel-article-starbucks-960x720.jpeg 960w\" sizes=\"(max-width: 800px) 100vw, 800px\" \/><\/div><\/a>\n\t\t\t\t<div class=\"elementor-post__avatar\">\n\t\t\t\t\t<\/div>\n\t\t\t\t<div class=\"elementor-post__text\">\n\t\t\t\t<h3 class=\"elementor-post__title\">\n\t\t\t<a href=\"https:\/\/www.agema.fr\/de\/nouvelle-ouverture-dun-starbucks-dans-le-centre-ville-de-niort\/\" >\n\t\t\t\tNouvelle ouverture d&rsquo;un Starbucks dans le centre ville de Niort\t\t\t<\/a>\n\t\t<\/h3>\n\t\t\t\t<div class=\"elementor-post__excerpt\">\n\t\t\t<p>Nouvelle ouverture d&rsquo;un Starbucks dans le centre ville de Niort C&rsquo;est en plein coeur du centre-ville de Niort, qu&rsquo;Agema a con\u00e7u et r\u00e9alis\u00e9 le tout<\/p>\n\t\t<\/div>\n\t\t\n\t\t<a class=\"elementor-post__read-more\" href=\"https:\/\/www.agema.fr\/de\/nouvelle-ouverture-dun-starbucks-dans-le-centre-ville-de-niort\/\" aria-label=\"Mehr \u00fcber Nouvelle ouverture d&rsquo;un Starbucks dans le centre ville de Niort\" tabindex=\"-1\" >\n\t\t\tLire la suite \u00bb\t\t<\/a>\n\n\t\t\t\t<\/div>\n\t\t\t\t<div class=\"elementor-post__meta-data\">\n\t\t\t\t\t<span class=\"elementor-post-date\">\n\t\t\t10 Mai 2023\t\t<\/span>\n\t\t\t\t<span class=\"elementor-post-avatar\">\n\t\t\tKeine Kommentare\t\t<\/span>\n\t\t\t\t<\/div>\n\t\t\t\t\t<\/div>\n\t\t<\/article>\n\t\t\t\t<article class=\"elementor-post elementor-grid-item post-4890 post type-post status-publish format-standard has-post-thumbnail hentry category-actualite\" role=\"listitem\">\n\t\t\t<div class=\"elementor-post__card\">\n\t\t\t\t<a class=\"elementor-post__thumbnail__link\" href=\"https:\/\/www.agema.fr\/de\/pier-import-sur-les-quais-de-bordeaux-4358\/\" tabindex=\"-1\" ><div class=\"elementor-post__thumbnail\"><img loading=\"lazy\" decoding=\"async\" width=\"800\" height=\"457\" src=\"https:\/\/www.agema.fr\/wp-content\/uploads\/2023\/05\/pier-import-7-ACTU.jpg\" class=\"attachment-large size-large wp-image-4894\" alt=\"\" srcset=\"https:\/\/www.agema.fr\/wp-content\/uploads\/2023\/05\/pier-import-7-ACTU.jpg 946w, https:\/\/www.agema.fr\/wp-content\/uploads\/2023\/05\/pier-import-7-ACTU-300x171.jpg 300w, https:\/\/www.agema.fr\/wp-content\/uploads\/2023\/05\/pier-import-7-ACTU-768x438.jpg 768w, https:\/\/www.agema.fr\/wp-content\/uploads\/2023\/05\/pier-import-7-ACTU-18x10.jpg 18w, https:\/\/www.agema.fr\/wp-content\/uploads\/2023\/05\/pier-import-7-ACTU-475x271.jpg 475w, https:\/\/www.agema.fr\/wp-content\/uploads\/2023\/05\/pier-import-7-ACTU-389x222.jpg 389w, https:\/\/www.agema.fr\/wp-content\/uploads\/2023\/05\/pier-import-7-ACTU-778x444.jpg 778w, https:\/\/www.agema.fr\/wp-content\/uploads\/2023\/05\/pier-import-7-ACTU-480x274.jpg 480w\" sizes=\"(max-width: 800px) 100vw, 800px\" \/><\/div><\/a>\n\t\t\t\t<div class=\"elementor-post__avatar\">\n\t\t\t\t\t<\/div>\n\t\t\t\t<div class=\"elementor-post__text\">\n\t\t\t\t<h3 class=\"elementor-post__title\">\n\t\t\t<a href=\"https:\/\/www.agema.fr\/de\/pier-import-sur-les-quais-de-bordeaux-4358\/\" >\n\t\t\t\tPier import sur les quais de Bordeaux\t\t\t<\/a>\n\t\t<\/h3>\n\t\t\t\t<div class=\"elementor-post__excerpt\">\n\t\t\t<p>Pier import sur les quais de Bordeaux Dans le centre de Bordeaux M\u00e9tropole, en plein Bord&rsquo;eau Village, nous avons r\u00e9alis\u00e9 l&rsquo;am\u00e9nagement int\u00e9rieur du tout nouveau<\/p>\n\t\t<\/div>\n\t\t\n\t\t<a class=\"elementor-post__read-more\" href=\"https:\/\/www.agema.fr\/de\/pier-import-sur-les-quais-de-bordeaux-4358\/\" aria-label=\"Mehr \u00fcber Pier import sur les quais de Bordeaux\" tabindex=\"-1\" >\n\t\t\tLire la suite \u00bb\t\t<\/a>\n\n\t\t\t\t<\/div>\n\t\t\t\t<div class=\"elementor-post__meta-data\">\n\t\t\t\t\t<span class=\"elementor-post-date\">\n\t\t\t4 Mai 2023\t\t<\/span>\n\t\t\t\t<span class=\"elementor-post-avatar\">\n\t\t\tKeine Kommentare\t\t<\/span>\n\t\t\t\t<\/div>\n\t\t\t\t\t<\/div>\n\t\t<\/article>\n\t\t\t\t<article class=\"elementor-post elementor-grid-item post-4358 post type-post status-publish format-standard has-post-thumbnail hentry category-actualite\" role=\"listitem\">\n\t\t\t<div class=\"elementor-post__card\">\n\t\t\t\t<a class=\"elementor-post__thumbnail__link\" href=\"https:\/\/www.agema.fr\/de\/nouveau-site-agema\/\" tabindex=\"-1\" ><div class=\"elementor-post__thumbnail\"><img loading=\"lazy\" decoding=\"async\" width=\"800\" height=\"457\" src=\"https:\/\/www.agema.fr\/wp-content\/uploads\/2023\/03\/image-pour-annoncer-actu-site.jpg\" class=\"attachment-large size-large wp-image-4361\" alt=\"\" srcset=\"https:\/\/www.agema.fr\/wp-content\/uploads\/2023\/03\/image-pour-annoncer-actu-site.jpg 946w, https:\/\/www.agema.fr\/wp-content\/uploads\/2023\/03\/image-pour-annoncer-actu-site-300x171.jpg 300w, https:\/\/www.agema.fr\/wp-content\/uploads\/2023\/03\/image-pour-annoncer-actu-site-768x438.jpg 768w, https:\/\/www.agema.fr\/wp-content\/uploads\/2023\/03\/image-pour-annoncer-actu-site-475x271.jpg 475w, https:\/\/www.agema.fr\/wp-content\/uploads\/2023\/03\/image-pour-annoncer-actu-site-389x222.jpg 389w, https:\/\/www.agema.fr\/wp-content\/uploads\/2023\/03\/image-pour-annoncer-actu-site-778x444.jpg 778w, https:\/\/www.agema.fr\/wp-content\/uploads\/2023\/03\/image-pour-annoncer-actu-site-480x274.jpg 480w\" sizes=\"(max-width: 800px) 100vw, 800px\" \/><\/div><\/a>\n\t\t\t\t<div class=\"elementor-post__avatar\">\n\t\t\t\t\t<\/div>\n\t\t\t\t<div class=\"elementor-post__text\">\n\t\t\t\t<h3 class=\"elementor-post__title\">\n\t\t\t<a href=\"https:\/\/www.agema.fr\/de\/nouveau-site-agema\/\" >\n\t\t\t\tUn nouveau site Internet pour Agema !\t\t\t<\/a>\n\t\t<\/h3>\n\t\t\t\t<div class=\"elementor-post__excerpt\">\n\t\t\t<p>Un nouveau site Internet pour Agema ! A l\u2019aube de ses 35 ans, Agema redynamise sa pr\u00e9sence digitale avec la refonte totale de son site<\/p>\n\t\t<\/div>\n\t\t\n\t\t<a class=\"elementor-post__read-more\" href=\"https:\/\/www.agema.fr\/de\/nouveau-site-agema\/\" aria-label=\"Mehr \u00fcber Un nouveau site Internet pour Agema !\" tabindex=\"-1\" >\n\t\t\tLire la suite \u00bb\t\t<\/a>\n\n\t\t\t\t<\/div>\n\t\t\t\t<div class=\"elementor-post__meta-data\">\n\t\t\t\t\t<span class=\"elementor-post-date\">\n\t\t\t13 M\u00e4rz 2023\t\t<\/span>\n\t\t\t\t<span class=\"elementor-post-avatar\">\n\t\t\tKeine Kommentare\t\t<\/span>\n\t\t\t\t<\/div>\n\t\t\t\t\t<\/div>\n\t\t<\/article>\n\t\t\t\t<article class=\"elementor-post elementor-grid-item post-3346 post type-post status-publish format-standard has-post-thumbnail hentry category-actualite\" role=\"listitem\">\n\t\t\t<div class=\"elementor-post__card\">\n\t\t\t\t<a class=\"elementor-post__thumbnail__link\" href=\"https:\/\/www.agema.fr\/de\/pole-sante-boulazac\/\" tabindex=\"-1\" ><div class=\"elementor-post__thumbnail\"><img loading=\"lazy\" decoding=\"async\" width=\"800\" height=\"450\" src=\"https:\/\/www.agema.fr\/wp-content\/uploads\/2023\/01\/00__1-Photo-1024x576.jpg\" class=\"attachment-large size-large wp-image-3520\" alt=\"\" srcset=\"https:\/\/www.agema.fr\/wp-content\/uploads\/2023\/01\/00__1-Photo-1024x576.jpg 1024w, https:\/\/www.agema.fr\/wp-content\/uploads\/2023\/01\/00__1-Photo-300x169.jpg 300w, https:\/\/www.agema.fr\/wp-content\/uploads\/2023\/01\/00__1-Photo-768x432.jpg 768w, https:\/\/www.agema.fr\/wp-content\/uploads\/2023\/01\/00__1-Photo-1536x864.jpg 1536w, https:\/\/www.agema.fr\/wp-content\/uploads\/2023\/01\/00__1-Photo-475x267.jpg 475w, https:\/\/www.agema.fr\/wp-content\/uploads\/2023\/01\/00__1-Photo-950x534.jpg 950w, https:\/\/www.agema.fr\/wp-content\/uploads\/2023\/01\/00__1-Photo-389x219.jpg 389w, https:\/\/www.agema.fr\/wp-content\/uploads\/2023\/01\/00__1-Photo-778x438.jpg 778w, https:\/\/www.agema.fr\/wp-content\/uploads\/2023\/01\/00__1-Photo-480x270.jpg 480w, https:\/\/www.agema.fr\/wp-content\/uploads\/2023\/01\/00__1-Photo-960x540.jpg 960w, https:\/\/www.agema.fr\/wp-content\/uploads\/2023\/01\/00__1-Photo.jpg 1920w\" sizes=\"(max-width: 800px) 100vw, 800px\" \/><\/div><\/a>\n\t\t\t\t<div class=\"elementor-post__avatar\">\n\t\t\t\t\t<\/div>\n\t\t\t\t<div class=\"elementor-post__text\">\n\t\t\t\t<h3 class=\"elementor-post__title\">\n\t\t\t<a href=\"https:\/\/www.agema.fr\/de\/pole-sante-boulazac\/\" >\n\t\t\t\tP\u00f4le Sant\u00e9 Boulazac\t\t\t<\/a>\n\t\t<\/h3>\n\t\t\t\t<div class=\"elementor-post__excerpt\">\n\t\t\t<p>P\u00f4le Sant\u00e9 Boulazac \u00c0 Boulazac, le montage de la premi\u00e8re grue du P\u00f4le Sant\u00e9 s&rsquo;est d\u00e9roul\u00e9 en avril 2022. Cette op\u00e9ration vertigineuse a \u00e9t\u00e9 capt\u00e9e<\/p>\n\t\t<\/div>\n\t\t\n\t\t<a class=\"elementor-post__read-more\" href=\"https:\/\/www.agema.fr\/de\/pole-sante-boulazac\/\" aria-label=\"Mehr \u00fcber P\u00f4le Sant\u00e9 Boulazac\" tabindex=\"-1\" >\n\t\t\tLire la suite \u00bb\t\t<\/a>\n\n\t\t\t\t<\/div>\n\t\t\t\t<div class=\"elementor-post__meta-data\">\n\t\t\t\t\t<span class=\"elementor-post-date\">\n\t\t\t17 Januar 2023\t\t<\/span>\n\t\t\t\t<span class=\"elementor-post-avatar\">\n\t\t\tKeine Kommentare\t\t<\/span>\n\t\t\t\t<\/div>\n\t\t\t\t\t<\/div>\n\t\t<\/article>\n\t\t\t\t<article class=\"elementor-post elementor-grid-item post-3287 post type-post status-publish format-standard has-post-thumbnail hentry category-actualite\" role=\"listitem\">\n\t\t\t<div class=\"elementor-post__card\">\n\t\t\t\t<a class=\"elementor-post__thumbnail__link\" href=\"https:\/\/www.agema.fr\/de\/basic-fit-le-balcon-de-la-firma\/\" tabindex=\"-1\" ><div class=\"elementor-post__thumbnail\"><img loading=\"lazy\" decoding=\"async\" width=\"800\" height=\"450\" src=\"https:\/\/www.agema.fr\/wp-content\/uploads\/2023\/01\/Basic-Fit-La-Firma-1024x576.jpg\" class=\"attachment-large size-large wp-image-3502\" alt=\"\" srcset=\"https:\/\/www.agema.fr\/wp-content\/uploads\/2023\/01\/Basic-Fit-La-Firma-1024x576.jpg 1024w, https:\/\/www.agema.fr\/wp-content\/uploads\/2023\/01\/Basic-Fit-La-Firma-300x169.jpg 300w, https:\/\/www.agema.fr\/wp-content\/uploads\/2023\/01\/Basic-Fit-La-Firma-768x432.jpg 768w, https:\/\/www.agema.fr\/wp-content\/uploads\/2023\/01\/Basic-Fit-La-Firma-1536x864.jpg 1536w, https:\/\/www.agema.fr\/wp-content\/uploads\/2023\/01\/Basic-Fit-La-Firma-475x267.jpg 475w, https:\/\/www.agema.fr\/wp-content\/uploads\/2023\/01\/Basic-Fit-La-Firma-950x534.jpg 950w, https:\/\/www.agema.fr\/wp-content\/uploads\/2023\/01\/Basic-Fit-La-Firma-389x219.jpg 389w, https:\/\/www.agema.fr\/wp-content\/uploads\/2023\/01\/Basic-Fit-La-Firma-778x438.jpg 778w, https:\/\/www.agema.fr\/wp-content\/uploads\/2023\/01\/Basic-Fit-La-Firma-480x270.jpg 480w, https:\/\/www.agema.fr\/wp-content\/uploads\/2023\/01\/Basic-Fit-La-Firma-960x540.jpg 960w, https:\/\/www.agema.fr\/wp-content\/uploads\/2023\/01\/Basic-Fit-La-Firma.jpg 1920w\" sizes=\"(max-width: 800px) 100vw, 800px\" \/><\/div><\/a>\n\t\t\t\t<div class=\"elementor-post__avatar\">\n\t\t\t\t\t<\/div>\n\t\t\t\t<div class=\"elementor-post__text\">\n\t\t\t\t<h3 class=\"elementor-post__title\">\n\t\t\t<a href=\"https:\/\/www.agema.fr\/de\/basic-fit-le-balcon-de-la-firma\/\" >\n\t\t\t\tBasic Fit &amp; Le Balcon de la Firma\t\t\t<\/a>\n\t\t<\/h3>\n\t\t\t\t<div class=\"elementor-post__excerpt\">\n\t\t\t<p>Pr\u00e9c\u00e9dent Suivant Basic Fit &#038; Le Balcon de la Firma Retour en images sur un projet r\u00e9unissant les deux p\u00f4les d\u2019activit\u00e9 du Groupe Agema :<\/p>\n\t\t<\/div>\n\t\t\n\t\t<a class=\"elementor-post__read-more\" href=\"https:\/\/www.agema.fr\/de\/basic-fit-le-balcon-de-la-firma\/\" aria-label=\"Mehr \u00fcber Basic Fit &amp; Le Balcon de la Firma\" tabindex=\"-1\" >\n\t\t\tLire la suite \u00bb\t\t<\/a>\n\n\t\t\t\t<\/div>\n\t\t\t\t<div class=\"elementor-post__meta-data\">\n\t\t\t\t\t<span class=\"elementor-post-date\">\n\t\t\t16 Januar 2023\t\t<\/span>\n\t\t\t\t<span class=\"elementor-post-avatar\">\n\t\t\tKeine Kommentare\t\t<\/span>\n\t\t\t\t<\/div>\n\t\t\t\t\t<\/div>\n\t\t<\/article>\n\t\t\t\t<article class=\"elementor-post elementor-grid-item post-3231 post type-post status-publish format-standard has-post-thumbnail hentry category-actualite\" role=\"listitem\">\n\t\t\t<div class=\"elementor-post__card\">\n\t\t\t\t<a class=\"elementor-post__thumbnail__link\" href=\"https:\/\/www.agema.fr\/de\/ouverture-nouvelle-agence-espagne\/\" tabindex=\"-1\" ><div class=\"elementor-post__thumbnail\"><img loading=\"lazy\" decoding=\"async\" width=\"800\" height=\"460\" src=\"https:\/\/www.agema.fr\/wp-content\/uploads\/2023\/01\/Malaga.png\" class=\"attachment-large size-large wp-image-3341\" alt=\"\" srcset=\"https:\/\/www.agema.fr\/wp-content\/uploads\/2023\/01\/Malaga.png 940w, https:\/\/www.agema.fr\/wp-content\/uploads\/2023\/01\/Malaga-300x172.png 300w, https:\/\/www.agema.fr\/wp-content\/uploads\/2023\/01\/Malaga-768x441.png 768w, https:\/\/www.agema.fr\/wp-content\/uploads\/2023\/01\/Malaga-475x273.png 475w, https:\/\/www.agema.fr\/wp-content\/uploads\/2023\/01\/Malaga-389x223.png 389w, https:\/\/www.agema.fr\/wp-content\/uploads\/2023\/01\/Malaga-778x447.png 778w, https:\/\/www.agema.fr\/wp-content\/uploads\/2023\/01\/Malaga-480x276.png 480w\" sizes=\"(max-width: 800px) 100vw, 800px\" \/><\/div><\/a>\n\t\t\t\t<div class=\"elementor-post__avatar\">\n\t\t\t\t\t<\/div>\n\t\t\t\t<div class=\"elementor-post__text\">\n\t\t\t\t<h3 class=\"elementor-post__title\">\n\t\t\t<a href=\"https:\/\/www.agema.fr\/de\/ouverture-nouvelle-agence-espagne\/\" >\n\t\t\t\tOuverture d\u2019une nouvelle agence en Espagne\u00a0!\t\t\t<\/a>\n\t\t<\/h3>\n\t\t\t\t<div class=\"elementor-post__excerpt\">\n\t\t\t<p>Ouverture d\u2019une nouvelle agence en Espagne ! Le Groupe Agema franchit une nouvelle \u00e9tape dans son d\u00e9veloppement en Espagne en ouvrant une agence \u00e0 Malaga<\/p>\n\t\t<\/div>\n\t\t\n\t\t<a class=\"elementor-post__read-more\" href=\"https:\/\/www.agema.fr\/de\/ouverture-nouvelle-agence-espagne\/\" aria-label=\"Mehr \u00fcber Ouverture d\u2019une nouvelle agence en Espagne\u00a0!\" tabindex=\"-1\" >\n\t\t\tLire la suite \u00bb\t\t<\/a>\n\n\t\t\t\t<\/div>\n\t\t\t\t<div class=\"elementor-post__meta-data\">\n\t\t\t\t\t<span class=\"elementor-post-date\">\n\t\t\t13 Januar 2023\t\t<\/span>\n\t\t\t\t<span class=\"elementor-post-avatar\">\n\t\t\tKeine Kommentare\t\t<\/span>\n\t\t\t\t<\/div>\n\t\t\t\t\t<\/div>\n\t\t<\/article>\n\t\t\t\t<article class=\"elementor-post elementor-grid-item post-2944 post type-post status-publish format-standard has-post-thumbnail hentry category-actualite\" role=\"listitem\">\n\t\t\t<div class=\"elementor-post__card\">\n\t\t\t\t<a class=\"elementor-post__thumbnail__link\" href=\"https:\/\/www.agema.fr\/de\/le-groupe-agema-fete-ses-35-ans-a-boulazac\/\" tabindex=\"-1\" ><div class=\"elementor-post__thumbnail\"><img loading=\"lazy\" decoding=\"async\" width=\"800\" height=\"457\" src=\"https:\/\/www.agema.fr\/wp-content\/uploads\/2023\/01\/35ansAgema-copie.jpg\" class=\"attachment-large size-large wp-image-2945\" alt=\"\" srcset=\"https:\/\/www.agema.fr\/wp-content\/uploads\/2023\/01\/35ansAgema-copie.jpg 946w, https:\/\/www.agema.fr\/wp-content\/uploads\/2023\/01\/35ansAgema-copie-300x171.jpg 300w, https:\/\/www.agema.fr\/wp-content\/uploads\/2023\/01\/35ansAgema-copie-768x438.jpg 768w, https:\/\/www.agema.fr\/wp-content\/uploads\/2023\/01\/35ansAgema-copie-475x271.jpg 475w, https:\/\/www.agema.fr\/wp-content\/uploads\/2023\/01\/35ansAgema-copie-950x542.jpg 950w, https:\/\/www.agema.fr\/wp-content\/uploads\/2023\/01\/35ansAgema-copie-389x222.jpg 389w, https:\/\/www.agema.fr\/wp-content\/uploads\/2023\/01\/35ansAgema-copie-778x444.jpg 778w, https:\/\/www.agema.fr\/wp-content\/uploads\/2023\/01\/35ansAgema-copie-480x273.jpg 480w, https:\/\/www.agema.fr\/wp-content\/uploads\/2023\/01\/35ansAgema-copie-960x547.jpg 960w\" sizes=\"(max-width: 800px) 100vw, 800px\" \/><\/div><\/a>\n\t\t\t\t<div class=\"elementor-post__avatar\">\n\t\t\t\t\t<\/div>\n\t\t\t\t<div class=\"elementor-post__text\">\n\t\t\t\t<h3 class=\"elementor-post__title\">\n\t\t\t<a href=\"https:\/\/www.agema.fr\/de\/le-groupe-agema-fete-ses-35-ans-a-boulazac\/\" >\n\t\t\t\tLe Groupe Agema f\u00eate ses 35 ans \u00e0 Boulazac\t\t\t<\/a>\n\t\t<\/h3>\n\t\t\t\t<div class=\"elementor-post__excerpt\">\n\t\t\t<p>Le Groupe Agema f\u00eate ses 35 ans \u00e0 Boulazac (24) Depuis 1987, Agema construit, agence, innove. Cette ann\u00e9e 2022 marquait les 35 ans du Groupe.<\/p>\n\t\t<\/div>\n\t\t\n\t\t<a class=\"elementor-post__read-more\" href=\"https:\/\/www.agema.fr\/de\/le-groupe-agema-fete-ses-35-ans-a-boulazac\/\" aria-label=\"Mehr \u00fcber Le Groupe Agema f\u00eate ses 35 ans \u00e0 Boulazac\" tabindex=\"-1\" >\n\t\t\tLire la suite \u00bb\t\t<\/a>\n\n\t\t\t\t<\/div>\n\t\t\t\t<div class=\"elementor-post__meta-data\">\n\t\t\t\t\t<span class=\"elementor-post-date\">\n\t\t\t6 Januar 2023\t\t<\/span>\n\t\t\t\t<span class=\"elementor-post-avatar\">\n\t\t\tKeine Kommentare\t\t<\/span>\n\t\t\t\t<\/div>\n\t\t\t\t\t<\/div>\n\t\t<\/article>\n\t\t\t\t<article class=\"elementor-post elementor-grid-item post-1049 post type-post status-publish format-standard has-post-thumbnail hentry category-actualite\" role=\"listitem\">\n\t\t\t<div class=\"elementor-post__card\">\n\t\t\t\t<a class=\"elementor-post__thumbnail__link\" href=\"https:\/\/www.agema.fr\/de\/complexe-grand-font\/\" tabindex=\"-1\" ><div class=\"elementor-post__thumbnail\"><img loading=\"lazy\" decoding=\"async\" width=\"800\" height=\"450\" src=\"https:\/\/www.agema.fr\/wp-content\/uploads\/2022\/06\/Grand-font-1024x576.jpg\" class=\"attachment-large size-large wp-image-3518\" alt=\"\" srcset=\"https:\/\/www.agema.fr\/wp-content\/uploads\/2022\/06\/Grand-font-1024x576.jpg 1024w, https:\/\/www.agema.fr\/wp-content\/uploads\/2022\/06\/Grand-font-300x169.jpg 300w, https:\/\/www.agema.fr\/wp-content\/uploads\/2022\/06\/Grand-font-768x432.jpg 768w, https:\/\/www.agema.fr\/wp-content\/uploads\/2022\/06\/Grand-font-1536x864.jpg 1536w, https:\/\/www.agema.fr\/wp-content\/uploads\/2022\/06\/Grand-font-475x267.jpg 475w, https:\/\/www.agema.fr\/wp-content\/uploads\/2022\/06\/Grand-font-950x534.jpg 950w, https:\/\/www.agema.fr\/wp-content\/uploads\/2022\/06\/Grand-font-389x219.jpg 389w, https:\/\/www.agema.fr\/wp-content\/uploads\/2022\/06\/Grand-font-778x438.jpg 778w, https:\/\/www.agema.fr\/wp-content\/uploads\/2022\/06\/Grand-font-480x270.jpg 480w, https:\/\/www.agema.fr\/wp-content\/uploads\/2022\/06\/Grand-font-960x540.jpg 960w, https:\/\/www.agema.fr\/wp-content\/uploads\/2022\/06\/Grand-font.jpg 1920w\" sizes=\"(max-width: 800px) 100vw, 800px\" \/><\/div><\/a>\n\t\t\t\t<div class=\"elementor-post__avatar\">\n\t\t\t\t\t<\/div>\n\t\t\t\t<div class=\"elementor-post__text\">\n\t\t\t\t<h3 class=\"elementor-post__title\">\n\t\t\t<a href=\"https:\/\/www.agema.fr\/de\/complexe-grand-font\/\" >\n\t\t\t\tGrand Font &#8211; Isle Manoire\t\t\t<\/a>\n\t\t<\/h3>\n\t\t\t\t<div class=\"elementor-post__excerpt\">\n\t\t\t<p>Depuis d\u00e9cembre 2021, AGEMA Construction a le projet de construire un complexe \u00e0 Boulazac Isle Manoire (Dordogne \u2013 24).<\/p>\n\t\t<\/div>\n\t\t\n\t\t<a class=\"elementor-post__read-more\" href=\"https:\/\/www.agema.fr\/de\/complexe-grand-font\/\" aria-label=\"Mehr \u00fcber Grand Font &#8211; Isle Manoire\" tabindex=\"-1\" >\n\t\t\tLire la suite \u00bb\t\t<\/a>\n\n\t\t\t\t<\/div>\n\t\t\t\t<div class=\"elementor-post__meta-data\">\n\t\t\t\t\t<span class=\"elementor-post-date\">\n\t\t\t2 Juni 2022\t\t<\/span>\n\t\t\t\t<span class=\"elementor-post-avatar\">\n\t\t\tKeine Kommentare\t\t<\/span>\n\t\t\t\t<\/div>\n\t\t\t\t\t<\/div>\n\t\t<\/article>\n\t\t\t\t<\/div>\n\t\t\n\t\t\t\t\t\t<\/div>\n\t\t\t\t<\/div>\n\t\t\t\t\t<\/div>\n\t\t<\/div>\n\t\t\t\t\t<\/div>\n\t\t<\/section>\n\t\t\t\t<\/div>\n\t\t","protected":false},"excerpt":{"rendered":"<p>Aktuelles<\/p>","protected":false},"author":2,"featured_media":0,"parent":0,"menu_order":0,"comment_status":"closed","ping_status":"closed","template":"","meta":{"footnotes":""},"class_list":["post-29","page","type-page","status-publish","hentry"],"_links":{"self":[{"href":"https:\/\/www.agema.fr\/de\/wp-json\/wp\/v2\/pages\/29","targetHints":{"allow":["GET"]}}],"collection":[{"href":"https:\/\/www.agema.fr\/de\/wp-json\/wp\/v2\/pages"}],"about":[{"href":"https:\/\/www.agema.fr\/de\/wp-json\/wp\/v2\/types\/page"}],"author":[{"embeddable":true,"href":"https:\/\/www.agema.fr\/de\/wp-json\/wp\/v2\/users\/2"}],"replies":[{"embeddable":true,"href":"https:\/\/www.agema.fr\/de\/wp-json\/wp\/v2\/comments?post=29"}],"version-history":[{"count":58,"href":"https:\/\/www.agema.fr\/de\/wp-json\/wp\/v2\/pages\/29\/revisions"}],"predecessor-version":[{"id":7235,"href":"https:\/\/www.agema.fr\/de\/wp-json\/wp\/v2\/pages\/29\/revisions\/7235"}],"wp:attachment":[{"href":"https:\/\/www.agema.fr\/de\/wp-json\/wp\/v2\/media?parent=29"}],"curies":[{"name":"wp","href":"https:\/\/api.w.org\/{rel}","templated":true}]}}