{"id":3,"date":"2022-03-29T14:34:02","date_gmt":"2022-03-29T12:34:02","guid":{"rendered":"http:\/\/wp-test.sevengroup.fr\/?page_id=3"},"modified":"2025-12-02T15:39:50","modified_gmt":"2025-12-02T14:39:50","slug":"politique-de-confidentialite","status":"publish","type":"page","link":"https:\/\/www.agema.fr\/pt\/politique-de-confidentialite\/","title":{"rendered":"Mentions l\u00e9gales &#038; politique de confidentialit\u00e9"},"content":{"rendered":"<div data-elementor-type=\"wp-page\" data-elementor-id=\"3\" class=\"elementor elementor-3\" data-elementor-post-type=\"page\">\n\t\t\t\t\t\t<section class=\"elementor-section elementor-top-section elementor-element elementor-element-43369e74 elementor-section-boxed elementor-section-height-default elementor-section-height-default\" data-id=\"43369e74\" data-element_type=\"section\" data-e-type=\"section\">\n\t\t\t\t\t\t<div class=\"elementor-container elementor-column-gap-default\">\n\t\t\t\t\t<div class=\"elementor-column elementor-col-100 elementor-top-column elementor-element elementor-element-1c7346af\" data-id=\"1c7346af\" data-element_type=\"column\" data-e-type=\"column\">\n\t\t\t<div class=\"elementor-widget-wrap elementor-element-populated\">\n\t\t\t\t\t\t<div class=\"elementor-element elementor-element-99199eb elementor-invisible elementor-widget elementor-widget-heading\" data-id=\"99199eb\" data-element_type=\"widget\" data-e-type=\"widget\" data-settings=\"{&quot;_animation&quot;:&quot;fadeInUp&quot;}\" data-widget_type=\"heading.default\">\n\t\t\t\t<div class=\"elementor-widget-container\">\n\t\t\t\t\t<h1 class=\"elementor-heading-title elementor-size-default\">Informa\u00e7\u00e3o jur\u00eddica<\/h1>\t\t\t\t<\/div>\n\t\t\t\t<\/div>\n\t\t\t\t<div class=\"elementor-element elementor-element-49ee1ba elementor-widget elementor-widget-text-editor\" data-id=\"49ee1ba\" data-element_type=\"widget\" data-e-type=\"widget\" data-widget_type=\"text-editor.default\">\n\t\t\t\t<div class=\"elementor-widget-container\">\n\t\t\t\t\t\t\t\t\t<p>En vertu de l\u2019article 6 de la Loi n\u00b0 2004-575 du 21 juin 2004 pour la confiance dans l\u2019\u00e9conomie num\u00e9rique, il est pr\u00e9cis\u00e9 aux utilisateurs du pr\u00e9sent site internet AGEMA , les mentions l\u00e9gales suivantes :<\/p>\t\t\t\t\t\t\t\t<\/div>\n\t\t\t\t<\/div>\n\t\t\t\t<div class=\"elementor-element elementor-element-88eacc8 elementor-widget elementor-widget-heading\" data-id=\"88eacc8\" data-element_type=\"widget\" data-e-type=\"widget\" data-widget_type=\"heading.default\">\n\t\t\t\t<div class=\"elementor-widget-container\">\n\t\t\t\t\t<h2 class=\"elementor-heading-title elementor-size-default\">Editor do s\u00edtio :<\/h2>\t\t\t\t<\/div>\n\t\t\t\t<\/div>\n\t\t\t\t<div class=\"elementor-element elementor-element-71c6324 elementor-widget elementor-widget-text-editor\" data-id=\"71c6324\" data-element_type=\"widget\" data-e-type=\"widget\" data-widget_type=\"text-editor.default\">\n\t\t\t\t<div class=\"elementor-widget-container\">\n\t\t\t\t\t\t\t\t\t<p>SAS AGEMA, uma sociedade an\u00f3nima simplificada com um capital de 3.000.000 euros<\/p><p>Registada no RCS de P\u00e9rigueux com o n\u00famero 342\u00a0027 406<\/p><p>Si\u00e8ge social : AGEMA &#8211; ZAE Landry 2 &#8211; 2 Rue Alfred Nobel &#8211; 24755 Boulazac-Isle-Manoire<\/p><p>Telefone <span style=\"text-decoration: underline;\"><span style=\"color: #000000;\"><a style=\"color: #000000; text-decoration: underline;\" href=\"tel:0553038000\" data-wplink-edit=\"true\">05 53 03 80 00<\/a><\/span><\/span><\/p><p>Representante legal: Sr. Francis ROUX, Presidente do Conselho de Administra\u00e7\u00e3o<\/p><p>Diretor da publica\u00e7\u00e3o: J\u00e9r\u00f4me LESTARQUIT - Diretor de Comunica\u00e7\u00e3o, SEVEN Group<\/p><p>Courriel\u00a0: \u00a0<span style=\"text-decoration: underline;\"><span style=\"color: #000000;\"><a style=\"color: #000000; text-decoration: underline;\" href=\"mailto:communication@sevengroup.fr\">communication@sevengroup.fr<\/a><\/span><\/span><\/p>\t\t\t\t\t\t\t\t<\/div>\n\t\t\t\t<\/div>\n\t\t\t\t<div class=\"elementor-element elementor-element-953d084 elementor-widget elementor-widget-heading\" data-id=\"953d084\" data-element_type=\"widget\" data-e-type=\"widget\" data-widget_type=\"heading.default\">\n\t\t\t\t<div class=\"elementor-widget-container\">\n\t\t\t\t\t<h2 class=\"elementor-heading-title elementor-size-default\">Apresentado por :<\/h2>\t\t\t\t<\/div>\n\t\t\t\t<\/div>\n\t\t\t\t<div class=\"elementor-element elementor-element-1c89741 elementor-widget elementor-widget-text-editor\" data-id=\"1c89741\" data-element_type=\"widget\" data-e-type=\"widget\" data-widget_type=\"text-editor.default\">\n\t\t\t\t<div class=\"elementor-widget-container\">\n\t\t\t\t\t\t\t\t\t<p>SAS AGEMA, uma sociedade an\u00f3nima simplificada com um capital de 3.000.000 euros<\/p><p>Registada no RCS de P\u00e9rigueux com o n\u00famero 342\u00a0027 406<\/p><p>Si\u00e8ge social : AGEMA &#8211; ZAE Landry 2 &#8211; 2 Rue Alfred Nobel &#8211; 24755 Boulazac-Isle-Manoire<\/p><p>Representante legal: SA SEVEN, Presidente<\/p><p>Telefone <span style=\"text-decoration: underline; color: #000000;\"><a style=\"color: #000000; text-decoration: underline;\" href=\"tel:0553038000\">05 53 03 80 00<\/a><\/span><\/p>\t\t\t\t\t\t\t\t<\/div>\n\t\t\t\t<\/div>\n\t\t\t\t<div class=\"elementor-element elementor-element-6f8f7e2 elementor-widget elementor-widget-heading\" data-id=\"6f8f7e2\" data-element_type=\"widget\" data-e-type=\"widget\" data-widget_type=\"heading.default\">\n\t\t\t\t<div class=\"elementor-widget-container\">\n\t\t\t\t\t<h2 class=\"elementor-heading-title elementor-size-default\">Conte\u00fado do s\u00edtio :<\/h2>\t\t\t\t<\/div>\n\t\t\t\t<\/div>\n\t\t\t\t<div class=\"elementor-element elementor-element-743dd3f elementor-widget elementor-widget-text-editor\" data-id=\"743dd3f\" data-element_type=\"widget\" data-e-type=\"widget\" data-widget_type=\"text-editor.default\">\n\t\t\t\t<div class=\"elementor-widget-container\">\n\t\t\t\t\t\t\t\t\t<p>AGEMA envida todos os esfor\u00e7os para garantir a seguran\u00e7a do S\u00edtio.<\/p><p>No entanto, as informa\u00e7\u00f5es contidas no S\u00edtio s\u00e3o fornecidas apenas para fins informativos. A AGEMA esfor\u00e7a-se por manter a exatid\u00e3o das informa\u00e7\u00f5es contidas no S\u00edtio e por manter o S\u00edtio atualizado, sem qualquer outra garantia.<\/p><p>Consequentemente, a AGEMA declina toda a responsabilidade por qualquer dano resultante, nomeadamente, da imprecis\u00e3o ou inexatid\u00e3o das informa\u00e7\u00f5es dispon\u00edveis no S\u00edtio ou por qualquer dano resultante da introdu\u00e7\u00e3o por terceiros de dados errados ou indesej\u00e1veis no S\u00edtio.<\/p><p>Qualquer descarregamento de conte\u00fados do S\u00edtio \u00e9 feito por conta e risco do utilizador e sob a sua exclusiva responsabilidade.<\/p><p>Do mesmo modo, a AGEMA n\u00e3o pode ser responsabilizada em caso de danos ou v\u00edrus que possam danificar ou inutilizar o equipamento inform\u00e1tico do utilizador na sequ\u00eancia de uma visita ao S\u00edtio, apesar das medidas de seguran\u00e7a implementadas. O utilizador compromete-se a aceder ao s\u00edtio utilizando um equipamento recente, isento de v\u00edrus e com um navegador atualizado.<\/p><p>S\u00e3o fornecidas liga\u00e7\u00f5es de hipertexto no S\u00edtio para facilitar o acesso a outros s\u00edtios. No entanto, a AGEMA declina qualquer responsabilidade pela utiliza\u00e7\u00e3o ou conte\u00fado de qualquer s\u00edtio de terceiros a que um utilizador possa ter tido acesso atrav\u00e9s do S\u00edtio.<\/p>\t\t\t\t\t\t\t\t<\/div>\n\t\t\t\t<\/div>\n\t\t\t\t<div class=\"elementor-element elementor-element-75a385a elementor-widget elementor-widget-heading\" data-id=\"75a385a\" data-element_type=\"widget\" data-e-type=\"widget\" data-widget_type=\"heading.default\">\n\t\t\t\t<div class=\"elementor-widget-container\">\n\t\t\t\t\t<h2 class=\"elementor-heading-title elementor-size-default\">Propriedade intelectual :<\/h2>\t\t\t\t<\/div>\n\t\t\t\t<\/div>\n\t\t\t\t<div class=\"elementor-element elementor-element-364764f elementor-widget elementor-widget-text-editor\" data-id=\"364764f\" data-element_type=\"widget\" data-e-type=\"widget\" data-widget_type=\"text-editor.default\">\n\t\t\t\t<div class=\"elementor-widget-container\">\n\t\t\t\t\t\t\t\t\t<p>\u00c9 proibida qualquer reprodu\u00e7\u00e3o, representa\u00e7\u00e3o, modifica\u00e7\u00e3o, publica\u00e7\u00e3o, adapta\u00e7\u00e3o da totalidade ou de parte dos elementos do S\u00edtio, seja qual for o meio ou processo utilizado, exceto com a autoriza\u00e7\u00e3o pr\u00e9via por escrito da AGEMA.<\/p><p>Qualquer utiliza\u00e7\u00e3o n\u00e3o autorizada do s\u00edtio ou de qualquer dos elementos nele contidos ser\u00e1 pass\u00edvel de a\u00e7\u00e3o judicial.<\/p>\t\t\t\t\t\t\t\t<\/div>\n\t\t\t\t<\/div>\n\t\t\t\t<div class=\"elementor-element elementor-element-f5b8b47 elementor-widget elementor-widget-heading\" data-id=\"f5b8b47\" data-element_type=\"widget\" data-e-type=\"widget\" data-widget_type=\"heading.default\">\n\t\t\t\t<div class=\"elementor-widget-container\">\n\t\t\t\t\t<h2 class=\"elementor-heading-title elementor-size-default\">Prote\u00e7\u00e3o dos dados pessoais :<\/h2>\t\t\t\t<\/div>\n\t\t\t\t<\/div>\n\t\t\t\t<div class=\"elementor-element elementor-element-f8d8f70 elementor-widget elementor-widget-text-editor\" data-id=\"f8d8f70\" data-element_type=\"widget\" data-e-type=\"widget\" data-widget_type=\"text-editor.default\">\n\t\t\t\t<div class=\"elementor-widget-container\">\n\t\t\t\t\t\t\t\t\t<p>Conform\u00e9ment \u00e0 la loi 78-17 du 6 janvier 1978 (modifi\u00e9e par la loi 2004-801 du 6 ao\u00fbt 2004 relative \u00e0 la protection des personnes physiques \u00e0 l\u2019\u00e9gard des traitements de donn\u00e9es \u00e0 caract\u00e8re personnel), tout utilisateur du Site dispose d\u2019un droit d\u2019acc\u00e8s, de modification, de rectification et de suppression des donn\u00e9es \u00e0 caract\u00e8re personnel collect\u00e9es, ainsi qu\u2019un droit d\u2019opposition qu\u2019il peut exercer en nous contactant : <span style=\"text-decoration: underline;\"><span style=\"color: #000000;\"><a style=\"color: #000000; text-decoration: underline;\" href=\"mailto:communication@sevengroup.fr\">communication@sevengroup.fr<\/a><\/span><\/span><\/p>\n<p>L\u2019utilisateur peut aussi d\u00e9poser une plainte aupr\u00e8s de la cnil sur le site&nbsp;: https:\/\/www.cnil.fr\/<\/p>\n<p>Certaines donn\u00e9es personnelles peuvent \u00eatre recueillies et enregistr\u00e9es sur des&nbsp;fichiers&nbsp;informatis\u00e9s lorsque l\u2019utilisateur concern\u00e9 fournit volontairement ces informations en remplissant un formulaire en ligne.<\/p>\n<p>Estes dados s\u00e3o conservados durante 13 meses.<\/p>\t\t\t\t\t\t\t\t<\/div>\n\t\t\t\t<\/div>\n\t\t\t\t<div class=\"elementor-element elementor-element-d97641d elementor-widget elementor-widget-heading\" data-id=\"d97641d\" data-element_type=\"widget\" data-e-type=\"widget\" data-widget_type=\"heading.default\">\n\t\t\t\t<div class=\"elementor-widget-container\">\n\t\t\t\t\t<h2 class=\"elementor-heading-title elementor-size-default\">Cookies :<\/h2>\t\t\t\t<\/div>\n\t\t\t\t<\/div>\n\t\t\t\t<div class=\"elementor-element elementor-element-23ce3ef elementor-widget elementor-widget-text-editor\" data-id=\"23ce3ef\" data-element_type=\"widget\" data-e-type=\"widget\" data-widget_type=\"text-editor.default\">\n\t\t\t\t<div class=\"elementor-widget-container\">\n\t\t\t\t\t\t\t\t\t<p>Para melhorar a navega\u00e7\u00e3o no S\u00edtio, a AGEMA recolhe certos dados durante a visita, depositando e lendo tra\u00e7adores chamados \u201ccookies\u201d instalados no computador do utilizador.<\/p><p>Um \u201ccookie\u201d \u00e9 um pequeno ficheiro que regista informa\u00e7\u00f5es sobre a navega\u00e7\u00e3o de um utilizador num s\u00edtio. Os dados obtidos desta forma podem ser utilizados para medir o n\u00famero de visitantes, por exemplo.<\/p><p>Todos os utilizadores t\u00eam a op\u00e7\u00e3o de aceitar ou recusar cookies, modificando as defini\u00e7\u00f5es do seu browser.<\/p>\t\t\t\t\t\t\t\t<\/div>\n\t\t\t\t<\/div>\n\t\t\t\t<div class=\"elementor-element elementor-element-2e241dd elementor-widget elementor-widget-heading\" data-id=\"2e241dd\" data-element_type=\"widget\" data-e-type=\"widget\" data-widget_type=\"heading.default\">\n\t\t\t\t<div class=\"elementor-widget-container\">\n\t\t\t\t\t<h2 class=\"elementor-heading-title elementor-size-default\">Direito aplic\u00e1vel :<\/h2>\t\t\t\t<\/div>\n\t\t\t\t<\/div>\n\t\t\t\t<div class=\"elementor-element elementor-element-031808c elementor-widget elementor-widget-text-editor\" data-id=\"031808c\" data-element_type=\"widget\" data-e-type=\"widget\" data-widget_type=\"text-editor.default\">\n\t\t\t\t<div class=\"elementor-widget-container\">\n\t\t\t\t\t\t\t\t\t<p>Qualquer lit\u00edgio relacionado com a utiliza\u00e7\u00e3o do s\u00edtio est\u00e1 sujeito \u00e0 lei francesa.<\/p>\t\t\t\t\t\t\t\t<\/div>\n\t\t\t\t<\/div>\n\t\t\t\t\t<\/div>\n\t\t<\/div>\n\t\t\t\t\t<\/div>\n\t\t<\/section>\n\t\t\t\t<\/div>","protected":false},"excerpt":{"rendered":"<p>Mentions L\u00e9gales En vertu de l\u2019article 6 de la Loi n\u00b0 2004-575 du 21 juin 2004 pour la confiance dans l\u2019\u00e9conomie num\u00e9rique, il est pr\u00e9cis\u00e9 aux utilisateurs du pr\u00e9sent site internet AGEMA , les mentions l\u00e9gales suivantes : Editeur du site : SAS AGEMA, Soci\u00e9t\u00e9 par Actions Simplifi\u00e9e au capital de 3\u00a0000\u00a0000 \u20ac Immatricul\u00e9e au [&hellip;]<\/p>\n","protected":false},"author":1,"featured_media":0,"parent":0,"menu_order":0,"comment_status":"closed","ping_status":"open","template":"","meta":{"footnotes":""},"class_list":["post-3","page","type-page","status-publish","hentry"],"_links":{"self":[{"href":"https:\/\/www.agema.fr\/pt\/wp-json\/wp\/v2\/pages\/3","targetHints":{"allow":["GET"]}}],"collection":[{"href":"https:\/\/www.agema.fr\/pt\/wp-json\/wp\/v2\/pages"}],"about":[{"href":"https:\/\/www.agema.fr\/pt\/wp-json\/wp\/v2\/types\/page"}],"author":[{"embeddable":true,"href":"https:\/\/www.agema.fr\/pt\/wp-json\/wp\/v2\/users\/1"}],"replies":[{"embeddable":true,"href":"https:\/\/www.agema.fr\/pt\/wp-json\/wp\/v2\/comments?post=3"}],"version-history":[{"count":46,"href":"https:\/\/www.agema.fr\/pt\/wp-json\/wp\/v2\/pages\/3\/revisions"}],"predecessor-version":[{"id":7628,"href":"https:\/\/www.agema.fr\/pt\/wp-json\/wp\/v2\/pages\/3\/revisions\/7628"}],"wp:attachment":[{"href":"https:\/\/www.agema.fr\/pt\/wp-json\/wp\/v2\/media?parent=3"}],"curies":[{"name":"wp","href":"https:\/\/api.w.org\/{rel}","templated":true}]}}